{"id":2211,"date":"2019-05-22T07:05:34","date_gmt":"2019-05-22T07:05:34","guid":{"rendered":"https:\/\/equisana.ch\/alimentation-de-cheval\/"},"modified":"2024-08-27T10:54:34","modified_gmt":"2024-08-27T10:54:34","slug":"alimentation-du-cheval","status":"publish","type":"page","link":"https:\/\/equisana.ch\/fr\/alimentation-du-cheval\/","title":{"rendered":"Alimentation"},"content":{"rendered":"\t\t<div data-elementor-type=\"wp-post\" data-elementor-id=\"2211\" class=\"elementor elementor-2211 elementor-200\">\n\t\t\t\t\t\t<section class=\"elementor-section elementor-top-section elementor-element elementor-element-164880f1 elementor-section-height-min-height elementor-section-items-bottom elementor-section-boxed elementor-section-height-default\" data-id=\"164880f1\" data-element_type=\"section\" data-e-type=\"section\" data-settings=\"{&quot;background_background&quot;:&quot;classic&quot;}\">\n\t\t\t\t\t\t<div class=\"elementor-container elementor-column-gap-default\">\n\t\t\t\t\t<div class=\"aux-parallax-section elementor-column elementor-col-100 elementor-top-column elementor-element elementor-element-267cb95b aux-appear-watch-animation aux-fade-in-up\" data-id=\"267cb95b\" data-element_type=\"column\" data-e-type=\"column\" data-settings=\"{&quot;background_background&quot;:&quot;classic&quot;}\">\n\t\t\t<div class=\"elementor-widget-wrap elementor-element-populated\">\n\t\t\t\t\t\t<div class=\"elementor-element elementor-element-2aa08080 elementor-widget elementor-widget-aux_modern_heading\" data-id=\"2aa08080\" data-element_type=\"widget\" data-e-type=\"widget\" data-widget_type=\"aux_modern_heading.default\">\n\t\t\t\t<div class=\"elementor-widget-container\">\n\t\t\t\t\t<section class=\"aux-widget-modern-heading\">\n            <div class=\"aux-widget-inner\"><h2 class=\"aux-modern-heading-primary\">ALIMENTATION<\/h2><div class=\"aux-modern-heading-divider\"><\/div><\/div>\n        <\/section>\t\t\t\t<\/div>\n\t\t\t\t<\/div>\n\t\t\t\t\t<\/div>\n\t\t<\/div>\n\t\t\t\t\t<\/div>\n\t\t<\/section>\n\t\t\t\t<section class=\"elementor-section elementor-top-section elementor-element elementor-element-2ff6da6 elementor-section-content-middle elementor-section-boxed elementor-section-height-default elementor-section-height-default\" data-id=\"2ff6da6\" data-element_type=\"section\" data-e-type=\"section\">\n\t\t\t\t\t\t<div class=\"elementor-container elementor-column-gap-wide\">\n\t\t\t\t\t<div class=\"aux-parallax-section elementor-column elementor-col-50 elementor-top-column elementor-element elementor-element-14b2830\" data-id=\"14b2830\" data-element_type=\"column\" data-e-type=\"column\">\n\t\t\t<div class=\"elementor-widget-wrap elementor-element-populated\">\n\t\t\t\t\t\t<div class=\"elementor-element elementor-element-094f39b aux-appear-watch-animation aux-fade-in-right elementor-widget elementor-widget-aux_modern_heading\" data-id=\"094f39b\" data-element_type=\"widget\" data-e-type=\"widget\" data-widget_type=\"aux_modern_heading.default\">\n\t\t\t\t<div class=\"elementor-widget-container\">\n\t\t\t\t\t<section class=\"aux-widget-modern-heading\">\n            <div class=\"aux-widget-inner\"><h3 class=\"aux-modern-heading-primary\">Alimentation du cheval<\/h3><div class=\"aux-modern-heading-divider\"><\/div><h2 class=\"aux-modern-heading-secondary\"><span class=\"aux-head-before\">Votre partenaire pour une alimentation du cheval naturelle<\/span><\/h2><div class=\"aux-modern-heading-description\"><p>Le tube digestif du cheval n'a pas chang\u00e9 au cours de l'\u00e9volution. Il est toujours destin\u00e9 \u00e0 une alimentation lente mais continue, de pr\u00e9f\u00e9rence avec des herbes riches en fibres mais \u00e0 faible teneur en \u00e9nergie. La domestication des chevaux et leur mode de d\u00e9tention moderne ne prennent pas toujours en compte ces besoins fondamentaux. Souvent, une (petite) ration de foin est distribu\u00e9e 2 \u00e0 3 fois par jour et les chevaux d\u00e9vorent ces portions en tr\u00e8s peu de temps.<\/p>\n<p>Pour r\u00e9pondre aux besoins des chevaux, la consommation de fourrage grossier doit avoir lieu r\u00e9guli\u00e8rement tout au long de la journ\u00e9e (et de la nuit !) et des longues pauses (sup\u00e9rieures \u00e0 3-4 heures) sans aliments devraient absolument \u00eatre \u00e9vit\u00e9es. Toutefois, afin d\u2019emp\u00eacher le surpoids chez les chevaux \u00e0 tendance \u00e0 l\u2019embonpoint, le foin peut \u00eatre m\u00e9lang\u00e9 \u00e0 environ 10% de paille. Cela prolonge la dur\u00e9e de prise alimentaire. Quelques branches d\u2019arbre \u00e0 grignoter ainsi que la mise au pr\u00e9 compl\u00e8tent l'offre en fourrage.<\/p>\n<p>En raison de l'agriculture intensive pratiqu\u00e9e dans nos contr\u00e9es, qui est davantage ax\u00e9e sur le b\u00e9tail que sur l'\u00e9levage de chevaux, des prairies ont \u00e9t\u00e9 cultiv\u00e9es au cours des derni\u00e8res d\u00e9cennies qui ne poss\u00e8dent qu'une faible biodiversit\u00e9 et sont g\u00e9n\u00e9ralement tr\u00e8s \u00e9nerg\u00e9tiques. Les sols ne contiennent plus assez de min\u00e9raux, vitamines et oligo-\u00e9l\u00e9ments pour satisfaire tous les besoins de nos chevaux. Par cons\u00e9quent, il est recommand\u00e9 d'utiliser un compl\u00e9ment min\u00e9ral de haute qualit\u00e9 pour compenser les d\u00e9ficits d'approvisionnement.<\/p>\n<\/div><\/div>\n        <\/section>\t\t\t\t<\/div>\n\t\t\t\t<\/div>\n\t\t\t\t\t<\/div>\n\t\t<\/div>\n\t\t\t\t<div class=\"aux-parallax-section elementor-column elementor-col-50 elementor-top-column elementor-element elementor-element-8015653 aux-appear-watch-animation aux-mask-from-left\" data-id=\"8015653\" data-element_type=\"column\" data-e-type=\"column\">\n\t\t\t<div class=\"elementor-widget-wrap elementor-element-populated\">\n\t\t\t\t\t\t<div class=\"elementor-element elementor-element-9c21e14 elementor-widget elementor-widget-aux_image\" data-id=\"9c21e14\" data-element_type=\"widget\" data-e-type=\"widget\" data-widget_type=\"aux_image.default\">\n\t\t\t\t<div class=\"elementor-widget-container\">\n\t\t\t\t\t<section class=\"widget-container aux-widget-image aux-alignnone aux-parent-au4523dba3\">\n    <div class=\"aux-media-hint-frame \">\n        <div class=\"aux-media-image \" >\n        \n            \n\n            \n            <img fetchpriority=\"high\" decoding=\"async\" width=\"768\" height=\"600\" src=\"https:\/\/equisana.ch\/wp-content\/uploads\/2019\/06\/Equisana-pferdefuetterung-krippenfutter-content-768x600.jpg\" class=\"aux-attachment aux-featured-image aux-attachment-id-795\" alt=\"Krippenfutter f\u00fcr Pferde\" srcset=\"https:\/\/equisana.ch\/wp-content\/uploads\/2019\/06\/Equisana-pferdefuetterung-krippenfutter-content-150x150.jpg 150w,https:\/\/equisana.ch\/wp-content\/uploads\/2019\/06\/Equisana-pferdefuetterung-krippenfutter-content-300x300.jpg 300w,https:\/\/equisana.ch\/wp-content\/uploads\/2019\/06\/Equisana-pferdefuetterung-krippenfutter-content-768x600.jpg 768w,https:\/\/equisana.ch\/wp-content\/uploads\/2019\/06\/Equisana-pferdefuetterung-krippenfutter-content-768x600.jpg 768w\" data-ratio=\"1\" data-original-w=\"800\" sizes=\"(max-width:479px) 480px,(max-width:767px) 768px,(max-width:1023px) 1024px,768px\" \/>            \n                <\/div>\n    <\/div>\n\n<\/section><!-- widget-container -->\t\t\t\t<\/div>\n\t\t\t\t<\/div>\n\t\t\t\t\t<\/div>\n\t\t<\/div>\n\t\t\t\t\t<\/div>\n\t\t<\/section>\n\t\t\t\t<section class=\"elementor-section elementor-top-section elementor-element elementor-element-419a53b elementor-section-content-middle elementor-reverse-tablet elementor-reverse-mobile elementor-section-boxed elementor-section-height-default elementor-section-height-default\" data-id=\"419a53b\" data-element_type=\"section\" data-e-type=\"section\">\n\t\t\t\t\t\t<div class=\"elementor-container elementor-column-gap-wide\">\n\t\t\t\t\t<div class=\"aux-parallax-section elementor-column elementor-col-50 elementor-top-column elementor-element elementor-element-66cffcc aux-appear-watch-animation aux-mask-from-left\" data-id=\"66cffcc\" data-element_type=\"column\" data-e-type=\"column\">\n\t\t\t<div class=\"elementor-widget-wrap elementor-element-populated\">\n\t\t\t\t\t\t<div class=\"elementor-element elementor-element-b24a1b4 elementor-widget elementor-widget-aux_image\" data-id=\"b24a1b4\" data-element_type=\"widget\" data-e-type=\"widget\" data-widget_type=\"aux_image.default\">\n\t\t\t\t<div class=\"elementor-widget-container\">\n\t\t\t\t\t<section class=\"widget-container aux-widget-image aux-alignnone aux-parent-au64971951\">\n    <div class=\"aux-media-hint-frame \">\n        <div class=\"aux-media-image \" >\n        \n            \n\n            \n            <img decoding=\"async\" width=\"768\" height=\"600\" src=\"https:\/\/equisana.ch\/wp-content\/uploads\/2019\/06\/Equisana-pferdefuetterung-zusatzfutter-content-768x600.jpg\" class=\"aux-attachment aux-featured-image aux-attachment-id-797\" alt=\"Zusatzfutter f\u00fcr Pferde\" srcset=\"https:\/\/equisana.ch\/wp-content\/uploads\/2019\/06\/Equisana-pferdefuetterung-zusatzfutter-content-150x150.jpg 150w,https:\/\/equisana.ch\/wp-content\/uploads\/2019\/06\/Equisana-pferdefuetterung-zusatzfutter-content-300x300.jpg 300w,https:\/\/equisana.ch\/wp-content\/uploads\/2019\/06\/Equisana-pferdefuetterung-zusatzfutter-content-768x600.jpg 768w,https:\/\/equisana.ch\/wp-content\/uploads\/2019\/06\/Equisana-pferdefuetterung-zusatzfutter-content-768x600.jpg 768w\" data-ratio=\"1\" data-original-w=\"800\" sizes=\"(max-width:479px) 480px,(max-width:767px) 768px,(max-width:1023px) 1024px,768px\" \/>            \n                <\/div>\n    <\/div>\n\n<\/section><!-- widget-container -->\t\t\t\t<\/div>\n\t\t\t\t<\/div>\n\t\t\t\t\t<\/div>\n\t\t<\/div>\n\t\t\t\t<div class=\"aux-parallax-section elementor-column elementor-col-50 elementor-top-column elementor-element elementor-element-d123f00\" data-id=\"d123f00\" data-element_type=\"column\" data-e-type=\"column\">\n\t\t\t<div class=\"elementor-widget-wrap elementor-element-populated\">\n\t\t\t\t\t\t<div class=\"elementor-element elementor-element-e7a2c83 aux-appear-watch-animation aux-fade-in-right elementor-widget elementor-widget-aux_modern_heading\" data-id=\"e7a2c83\" data-element_type=\"widget\" data-e-type=\"widget\" data-widget_type=\"aux_modern_heading.default\">\n\t\t\t\t<div class=\"elementor-widget-container\">\n\t\t\t\t\t<section class=\"aux-widget-modern-heading\">\n            <div class=\"aux-widget-inner\"><h3 class=\"aux-modern-heading-primary\">Alimentation du cheval<\/h3><div class=\"aux-modern-heading-divider\"><\/div><h2 class=\"aux-modern-heading-secondary\"><span class=\"aux-head-before\">Alimentation des chevaux adapt\u00e9e \u00e0 l'esp\u00e8ce et individuelle<\/span><\/h2><div class=\"aux-modern-heading-description\"><p>Les besoins en \u00e9nergie des chevaux au travail ne peuvent pas \u00eatre couverts uniquement par du fourrage grossier (foin). Les chevaux ayant de la peine \u00e0 prendre du poids ou les vieux chevaux ne s\u2019en sortent pas non plus avec une alimentation \u00e0 base de foin uniquement. En cons\u00e9quence, dans ces cas, un aliment plus \u00e9nerg\u00e9tique doit \u00eatre donn\u00e9 en compl\u00e9ment. Pour \u00eatre conforme \u00e0 une alimentation des chevaux appropri\u00e9e \u00e0 l'esp\u00e8ce, ces aliments compos\u00e9s ne devraient pas \u00eatre distribu\u00e9s en de trop grandes quantit\u00e9s d\u2019un coup. Mieux vaut plusieurs petites portions r\u00e9parties tout au long de la journ\u00e9e. Les erreurs d'alimentation peuvent avoir de graves cons\u00e9quences (par exemple, coliques). La distribution d\u2019aliments compos\u00e9s doit toujours \u00eatre faite APR\u00c8S la distribution de foin (au moins 30 minutes d\u2019intervalle entre les deux).<\/p>\n<p>Avec cette forme d'alimentation, les besoins du cheval sont g\u00e9n\u00e9ralement bien couverts. Cependant, il est possible que dans certaines situations de vie, le cheval ait un besoin accru et particulier qu\u2019il s\u2019agit de prendre en consid\u00e9ration. Ici, des compl\u00e9ments sp\u00e9ciaux entrent en jeu. Ces compl\u00e9ments alimentaires doivent \u00eatre soigneusement choisis et donn\u00e9s avec discernement. Une protection gastrique chez les chevaux atteints de gastrite (ulc\u00e8res \u00e0 l\u2019estomac), des plantes vari\u00e9es ou des produits pour renforcer la mobilit\u00e9 des articulations ne sont que quelques exemples de compl\u00e9ments pouvant \u00eatre donn\u00e9s.<\/p>\n<p>Toutefois, si votre cheval a des probl\u00e8mes de sant\u00e9, il est toujours conseill\u00e9 de demander d\u2019abord l\u2019avis d\u2019un v\u00e9t\u00e9rinaire et, si n\u00e9cessaire, d\u2019un sp\u00e9cialiste de l\u2019alimentation comp\u00e9tent ou d\u2019un naturopathe.<\/p>\n<\/div><\/div>\n        <\/section>\t\t\t\t<\/div>\n\t\t\t\t<\/div>\n\t\t\t\t<div class=\"elementor-element elementor-element-0f8287c elementor-widget elementor-widget-text-editor\" data-id=\"0f8287c\" data-element_type=\"widget\" data-e-type=\"widget\" data-widget_type=\"text-editor.default\">\n\t\t\t\t<div class=\"elementor-widget-container\">\n\t\t\t\t\t\t\t\t\t<p><strong>Pr\u00e9cision importante!<\/strong><\/p>\n<p>En Suisse, les d\u00e9clarations de produits ainsi que les propos faisant r\u00e9f\u00e9rence \u00e0 des \u00e9l\u00e9ments de pr\u00e9vention, de d\u00e9tection, de traitement ou de gu\u00e9rison des maladies ne sont pas autoris\u00e9s. Pour cette raison, les descriptions de produits ne contiennent que quelques notes br\u00e8ves d\u2019application. Nous nous tenons \u00e0 disposition pour r\u00e9pondre \u00e0 vos questions sur les produits individuels.<\/p>\n\t\t\t\t\t\t\t\t<\/div>\n\t\t\t\t<\/div>\n\t\t\t\t\t<\/div>\n\t\t<\/div>\n\t\t\t\t\t<\/div>\n\t\t<\/section>\n\t\t\t\t<section class=\"elementor-section elementor-top-section elementor-element elementor-element-d79439a elementor-section-boxed elementor-section-height-default elementor-section-height-default\" data-id=\"d79439a\" data-element_type=\"section\" data-e-type=\"section\">\n\t\t\t\t\t\t<div class=\"elementor-container elementor-column-gap-default\">\n\t\t\t\t\t<div class=\"aux-parallax-section elementor-column elementor-col-100 elementor-top-column elementor-element elementor-element-736369e\" data-id=\"736369e\" data-element_type=\"column\" data-e-type=\"column\">\n\t\t\t<div class=\"elementor-widget-wrap elementor-element-populated\">\n\t\t\t\t\t\t<div class=\"elementor-element elementor-element-5cdc8b8 elementor-widget elementor-widget-aux_modern_heading\" data-id=\"5cdc8b8\" data-element_type=\"widget\" data-e-type=\"widget\" data-widget_type=\"aux_modern_heading.default\">\n\t\t\t\t<div class=\"elementor-widget-container\">\n\t\t\t\t\t<section class=\"aux-widget-modern-heading\">\n            <div class=\"aux-widget-inner\"><h2 class=\"aux-modern-heading-primary\">Produits<\/h2><div class=\"aux-modern-heading-divider\"><\/div><h3 class=\"aux-modern-heading-secondary\"><span class=\"aux-head-before\">Choix de produits pour une alimentation du cheval \u00e9quilibr\u00e9e<\/span><\/h3><\/div>\n        <\/section>\t\t\t\t<\/div>\n\t\t\t\t<\/div>\n\t\t\t\t\t<\/div>\n\t\t<\/div>\n\t\t\t\t\t<\/div>\n\t\t<\/section>\n\t\t\t\t<section class=\"elementor-section elementor-top-section elementor-element elementor-element-8f28ce7 elementor-section-boxed elementor-section-height-default elementor-section-height-default\" data-id=\"8f28ce7\" data-element_type=\"section\" data-e-type=\"section\">\n\t\t\t\t\t\t<div class=\"elementor-container elementor-column-gap-default\">\n\t\t\t\t\t<div class=\"aux-parallax-section elementor-column elementor-col-25 elementor-top-column elementor-element elementor-element-0da6271\" data-id=\"0da6271\" data-element_type=\"column\" data-e-type=\"column\" data-settings=\"{&quot;background_background&quot;:&quot;classic&quot;}\">\n\t\t\t<div class=\"elementor-widget-wrap elementor-element-populated\">\n\t\t\t\t\t\t<div class=\"elementor-element elementor-element-8d5a721 elementor-widget elementor-widget-image\" data-id=\"8d5a721\" data-element_type=\"widget\" data-e-type=\"widget\" data-widget_type=\"image.default\">\n\t\t\t\t<div class=\"elementor-widget-container\">\n\t\t\t\t\t\t\t\t\t\t\t\t\t\t\t\t<a href=\"https:\/\/equisana.ch\/fr\/complements-mineraux\/\">\n\t\t\t\t\t\t\t<img decoding=\"async\" width=\"1900\" height=\"1069\" src=\"https:\/\/equisana.ch\/wp-content\/uploads\/2024\/08\/Equisana-pferdefuetterung-mineralfutter-kachel.jpg\" class=\"attachment-full size-full wp-image-23998\" alt=\"Mineralfutter\" srcset=\"https:\/\/equisana.ch\/wp-content\/uploads\/2024\/08\/Equisana-pferdefuetterung-mineralfutter-kachel.jpg 1900w, https:\/\/equisana.ch\/wp-content\/uploads\/2024\/08\/Equisana-pferdefuetterung-mineralfutter-kachel-1536x864.jpg 1536w, https:\/\/equisana.ch\/wp-content\/uploads\/2024\/08\/Equisana-pferdefuetterung-mineralfutter-kachel-400x225.jpg 400w\" sizes=\"(max-width: 1900px) 100vw, 1900px\" \/>\t\t\t\t\t\t\t\t<\/a>\n\t\t\t\t\t\t\t\t\t\t\t\t\t\t\t<\/div>\n\t\t\t\t<\/div>\n\t\t\t\t<div class=\"elementor-element elementor-element-e9eab0d elementor-widget elementor-widget-heading\" data-id=\"e9eab0d\" data-element_type=\"widget\" data-e-type=\"widget\" data-widget_type=\"heading.default\">\n\t\t\t\t<div class=\"elementor-widget-container\">\n\t\t\t\t\t<h3 class=\"elementor-heading-title elementor-size-large\"><a href=\"https:\/\/equisana.ch\/fr\/complements-mineraux\/\">Compl\u00e9ments min\u00e9raux<\/a><\/h3>\t\t\t\t<\/div>\n\t\t\t\t<\/div>\n\t\t\t\t\t<\/div>\n\t\t<\/div>\n\t\t\t\t<div class=\"aux-parallax-section elementor-column elementor-col-25 elementor-top-column elementor-element elementor-element-2894352\" data-id=\"2894352\" data-element_type=\"column\" data-e-type=\"column\" data-settings=\"{&quot;background_background&quot;:&quot;classic&quot;,&quot;animation&quot;:&quot;none&quot;}\">\n\t\t\t<div class=\"elementor-widget-wrap elementor-element-populated\">\n\t\t\t\t\t\t<div class=\"elementor-element elementor-element-95a0df9 elementor-widget elementor-widget-image\" data-id=\"95a0df9\" data-element_type=\"widget\" data-e-type=\"widget\" data-widget_type=\"image.default\">\n\t\t\t\t<div class=\"elementor-widget-container\">\n\t\t\t\t\t\t\t\t\t\t\t\t\t\t\t\t<a href=\"https:\/\/equisana.ch\/fr\/complements-proteiques\/\">\n\t\t\t\t\t\t\t<img loading=\"lazy\" decoding=\"async\" width=\"1900\" height=\"1069\" src=\"https:\/\/equisana.ch\/wp-content\/uploads\/2024\/08\/Equisana-pferdefuetterung-magen-darm-kachel.jpg\" class=\"attachment-full size-full wp-image-24004\" alt=\"\" srcset=\"https:\/\/equisana.ch\/wp-content\/uploads\/2024\/08\/Equisana-pferdefuetterung-magen-darm-kachel.jpg 1900w, https:\/\/equisana.ch\/wp-content\/uploads\/2024\/08\/Equisana-pferdefuetterung-magen-darm-kachel-1536x864.jpg 1536w, https:\/\/equisana.ch\/wp-content\/uploads\/2024\/08\/Equisana-pferdefuetterung-magen-darm-kachel-400x225.jpg 400w\" sizes=\"(max-width: 1900px) 100vw, 1900px\" \/>\t\t\t\t\t\t\t\t<\/a>\n\t\t\t\t\t\t\t\t\t\t\t\t\t\t\t<\/div>\n\t\t\t\t<\/div>\n\t\t\t\t<div class=\"elementor-element elementor-element-e13cdcb elementor-widget elementor-widget-heading\" data-id=\"e13cdcb\" data-element_type=\"widget\" data-e-type=\"widget\" data-widget_type=\"heading.default\">\n\t\t\t\t<div class=\"elementor-widget-container\">\n\t\t\t\t\t<h3 class=\"elementor-heading-title elementor-size-large\"><a href=\"https:\/\/equisana.ch\/fr\/complements-proteiques\/\">Compl\u00e9ments prot\u00e9iques<\/a><\/h3>\t\t\t\t<\/div>\n\t\t\t\t<\/div>\n\t\t\t\t\t<\/div>\n\t\t<\/div>\n\t\t\t\t<div class=\"aux-parallax-section elementor-column elementor-col-25 elementor-top-column elementor-element elementor-element-c6af300\" data-id=\"c6af300\" data-element_type=\"column\" data-e-type=\"column\" data-settings=\"{&quot;background_background&quot;:&quot;classic&quot;}\">\n\t\t\t<div class=\"elementor-widget-wrap elementor-element-populated\">\n\t\t\t\t\t\t<div class=\"elementor-element elementor-element-db9db4b elementor-widget elementor-widget-image\" data-id=\"db9db4b\" data-element_type=\"widget\" data-e-type=\"widget\" data-widget_type=\"image.default\">\n\t\t\t\t<div class=\"elementor-widget-container\">\n\t\t\t\t\t\t\t\t\t\t\t\t\t\t\t\t<a href=\"https:\/\/equisana.ch\/fr\/estomac-et-intestins\/\">\n\t\t\t\t\t\t\t<img loading=\"lazy\" decoding=\"async\" width=\"1900\" height=\"1069\" src=\"https:\/\/equisana.ch\/wp-content\/uploads\/2024\/08\/Equisana-pferdefuetterung-futterzusaetze-kachel.jpg\" class=\"attachment-full size-full wp-image-24002\" alt=\"\" srcset=\"https:\/\/equisana.ch\/wp-content\/uploads\/2024\/08\/Equisana-pferdefuetterung-futterzusaetze-kachel.jpg 1900w, https:\/\/equisana.ch\/wp-content\/uploads\/2024\/08\/Equisana-pferdefuetterung-futterzusaetze-kachel-1536x864.jpg 1536w, https:\/\/equisana.ch\/wp-content\/uploads\/2024\/08\/Equisana-pferdefuetterung-futterzusaetze-kachel-400x225.jpg 400w\" sizes=\"(max-width: 1900px) 100vw, 1900px\" \/>\t\t\t\t\t\t\t\t<\/a>\n\t\t\t\t\t\t\t\t\t\t\t\t\t\t\t<\/div>\n\t\t\t\t<\/div>\n\t\t\t\t<div class=\"elementor-element elementor-element-c5d909b elementor-widget elementor-widget-heading\" data-id=\"c5d909b\" data-element_type=\"widget\" data-e-type=\"widget\" data-widget_type=\"heading.default\">\n\t\t\t\t<div class=\"elementor-widget-container\">\n\t\t\t\t\t<h3 class=\"elementor-heading-title elementor-size-large\"><a href=\"https:\/\/equisana.ch\/fr\/estomac-et-intestins\/\">Estomac &amp; Intestins<\/a><\/h3>\t\t\t\t<\/div>\n\t\t\t\t<\/div>\n\t\t\t\t\t<\/div>\n\t\t<\/div>\n\t\t\t\t<div class=\"aux-parallax-section elementor-column elementor-col-25 elementor-top-column elementor-element elementor-element-b0a48ea\" data-id=\"b0a48ea\" data-element_type=\"column\" data-e-type=\"column\" data-settings=\"{&quot;background_background&quot;:&quot;classic&quot;}\">\n\t\t\t<div class=\"elementor-widget-wrap elementor-element-populated\">\n\t\t\t\t\t\t<div class=\"elementor-element elementor-element-da4543a elementor-widget elementor-widget-image\" data-id=\"da4543a\" data-element_type=\"widget\" data-e-type=\"widget\" data-widget_type=\"image.default\">\n\t\t\t\t<div class=\"elementor-widget-container\">\n\t\t\t\t\t\t\t\t\t\t\t\t\t\t\t\t<a href=\"https:\/\/equisana.ch\/fr\/complements-alimentaires\/\">\n\t\t\t\t\t\t\t<img loading=\"lazy\" decoding=\"async\" width=\"1900\" height=\"1069\" src=\"https:\/\/equisana.ch\/wp-content\/uploads\/2024\/08\/Equisana-pferdefuetterung-futterzusaetze-kachel.jpg\" class=\"attachment-full size-full wp-image-24002\" alt=\"\" srcset=\"https:\/\/equisana.ch\/wp-content\/uploads\/2024\/08\/Equisana-pferdefuetterung-futterzusaetze-kachel.jpg 1900w, https:\/\/equisana.ch\/wp-content\/uploads\/2024\/08\/Equisana-pferdefuetterung-futterzusaetze-kachel-1536x864.jpg 1536w, https:\/\/equisana.ch\/wp-content\/uploads\/2024\/08\/Equisana-pferdefuetterung-futterzusaetze-kachel-400x225.jpg 400w\" sizes=\"(max-width: 1900px) 100vw, 1900px\" \/>\t\t\t\t\t\t\t\t<\/a>\n\t\t\t\t\t\t\t\t\t\t\t\t\t\t\t<\/div>\n\t\t\t\t<\/div>\n\t\t\t\t<div class=\"elementor-element elementor-element-50600e7 elementor-widget elementor-widget-heading\" data-id=\"50600e7\" data-element_type=\"widget\" data-e-type=\"widget\" data-widget_type=\"heading.default\">\n\t\t\t\t<div class=\"elementor-widget-container\">\n\t\t\t\t\t<h3 class=\"elementor-heading-title elementor-size-large\"><a href=\"https:\/\/equisana.ch\/fr\/complements-alimentaires\/\">Compl\u00e9ments alimentaires<\/a><\/h3>\t\t\t\t<\/div>\n\t\t\t\t<\/div>\n\t\t\t\t\t<\/div>\n\t\t<\/div>\n\t\t\t\t\t<\/div>\n\t\t<\/section>\n\t\t\t\t<\/div>\n\t\t","protected":false},"excerpt":{"rendered":"<p>ALIMENTATION Alimentation du cheval Votre partenaire pour une alimentation du cheval naturelle Le tube digestif du cheval n&rsquo;a pas chang\u00e9 au cours de l&rsquo;\u00e9volution. Il est toujours destin\u00e9 \u00e0 une alimentation lente mais continue, de pr\u00e9f\u00e9rence avec des herbes riches en fibres mais \u00e0 faible teneur en \u00e9nergie. La domestication des chevaux et leur mode [&hellip;]<\/p>\n","protected":false},"author":1,"featured_media":0,"parent":0,"menu_order":0,"comment_status":"closed","ping_status":"closed","template":"","meta":{"footnotes":""},"class_list":["post-2211","page","type-page","status-publish","hentry"],"yoast_head":"<!-- This site is optimized with the Yoast SEO plugin v27.4 - https:\/\/yoast.com\/product\/yoast-seo-wordpress\/ -->\n<title>Alimentation de cheval - EQUISANA tout simplement naturel<\/title>\n<meta name=\"description\" content=\"Nous sommes votre partenaire pour une alimentation naturelle et conforme aux besoins de l\u2019esp\u00e8ce. De l\u2019alimentation de base en passant par un compl\u00e9ment min\u00e9ral ou suppl\u00e9mentaire appropri\u00e9 jusqu\u2019aux friandises saines. D\u00e9couvrez maintenant notre assortiment !\" \/>\n<meta name=\"robots\" content=\"index, follow, max-snippet:-1, max-image-preview:large, max-video-preview:-1\" \/>\n<link rel=\"canonical\" href=\"https:\/\/equisana.ch\/pferdefuetterung\/\" \/>\n<meta property=\"og:locale\" content=\"fr_FR\" \/>\n<meta property=\"og:type\" content=\"article\" \/>\n<meta property=\"og:title\" content=\"Alimentation de cheval - EQUISANA tout simplement naturel\" \/>\n<meta property=\"og:description\" content=\"Nous sommes votre partenaire pour une alimentation naturelle et conforme aux besoins de l\u2019esp\u00e8ce. De l\u2019alimentation de base en passant par un compl\u00e9ment min\u00e9ral ou suppl\u00e9mentaire appropri\u00e9 jusqu\u2019aux friandises saines. D\u00e9couvrez maintenant notre assortiment !\" \/>\n<meta property=\"og:url\" content=\"https:\/\/equisana.ch\/pferdefuetterung\/\" \/>\n<meta property=\"og:site_name\" content=\"Equisana Sarl tout simplement naturel\" \/>\n<meta property=\"article:publisher\" content=\"https:\/\/www.facebook.com\/Equisana\/\" \/>\n<meta property=\"article:modified_time\" content=\"2024-08-27T10:54:34+00:00\" \/>\n<meta property=\"og:image\" content=\"https:\/\/equisana.ch\/wp-content\/uploads\/2019\/06\/Equisana-pferdefuetterung-krippenfutter-content-768x600.jpg\" \/>\n<meta name=\"twitter:card\" content=\"summary_large_image\" \/>\n<meta name=\"twitter:label1\" content=\"Dur\u00e9e de lecture estim\u00e9e\" \/>\n\t<meta name=\"twitter:data1\" content=\"5 minutes\" \/>\n<script type=\"application\/ld+json\" class=\"yoast-schema-graph\">{\"@context\":\"https:\\\/\\\/schema.org\",\"@graph\":[{\"@type\":\"WebPage\",\"@id\":\"https:\\\/\\\/equisana.ch\\\/pferdefuetterung\\\/\",\"url\":\"https:\\\/\\\/equisana.ch\\\/pferdefuetterung\\\/\",\"name\":\"Alimentation de cheval - EQUISANA tout simplement naturel\",\"isPartOf\":{\"@id\":\"https:\\\/\\\/equisana.ch\\\/#website\"},\"primaryImageOfPage\":{\"@id\":\"https:\\\/\\\/equisana.ch\\\/pferdefuetterung\\\/#primaryimage\"},\"image\":{\"@id\":\"https:\\\/\\\/equisana.ch\\\/pferdefuetterung\\\/#primaryimage\"},\"thumbnailUrl\":\"https:\\\/\\\/equisana.ch\\\/wp-content\\\/uploads\\\/2019\\\/06\\\/Equisana-pferdefuetterung-krippenfutter-content-768x600.jpg\",\"datePublished\":\"2019-05-22T07:05:34+00:00\",\"dateModified\":\"2024-08-27T10:54:34+00:00\",\"description\":\"Nous sommes votre partenaire pour une alimentation naturelle et conforme aux besoins de l\u2019esp\u00e8ce. De l\u2019alimentation de base en passant par un compl\u00e9ment min\u00e9ral ou suppl\u00e9mentaire appropri\u00e9 jusqu\u2019aux friandises saines. D\u00e9couvrez maintenant notre assortiment !\",\"breadcrumb\":{\"@id\":\"https:\\\/\\\/equisana.ch\\\/pferdefuetterung\\\/#breadcrumb\"},\"inLanguage\":\"fr-FR\",\"potentialAction\":[{\"@type\":\"ReadAction\",\"target\":[\"https:\\\/\\\/equisana.ch\\\/pferdefuetterung\\\/\"]}]},{\"@type\":\"ImageObject\",\"inLanguage\":\"fr-FR\",\"@id\":\"https:\\\/\\\/equisana.ch\\\/pferdefuetterung\\\/#primaryimage\",\"url\":\"https:\\\/\\\/equisana.ch\\\/wp-content\\\/uploads\\\/2019\\\/06\\\/Equisana-pferdefuetterung-krippenfutter-content-768x600.jpg\",\"contentUrl\":\"https:\\\/\\\/equisana.ch\\\/wp-content\\\/uploads\\\/2019\\\/06\\\/Equisana-pferdefuetterung-krippenfutter-content-768x600.jpg\"},{\"@type\":\"BreadcrumbList\",\"@id\":\"https:\\\/\\\/equisana.ch\\\/pferdefuetterung\\\/#breadcrumb\",\"itemListElement\":[{\"@type\":\"ListItem\",\"position\":1,\"name\":\"Startseite\",\"item\":\"https:\\\/\\\/equisana.ch\\\/\"},{\"@type\":\"ListItem\",\"position\":2,\"name\":\"Alimentation\"}]},{\"@type\":\"WebSite\",\"@id\":\"https:\\\/\\\/equisana.ch\\\/#website\",\"url\":\"https:\\\/\\\/equisana.ch\\\/\",\"name\":\"EQUISANA GmbH einfach nat\u00fcrlich\",\"description\":\"Tout simplement naturel\",\"publisher\":{\"@id\":\"https:\\\/\\\/equisana.ch\\\/#organization\"},\"potentialAction\":[{\"@type\":\"SearchAction\",\"target\":{\"@type\":\"EntryPoint\",\"urlTemplate\":\"https:\\\/\\\/equisana.ch\\\/?s={search_term_string}\"},\"query-input\":{\"@type\":\"PropertyValueSpecification\",\"valueRequired\":true,\"valueName\":\"search_term_string\"}}],\"inLanguage\":\"fr-FR\"},{\"@type\":\"Organization\",\"@id\":\"https:\\\/\\\/equisana.ch\\\/#organization\",\"name\":\"EQUISANA GmbH einfach nat\u00fcrlich\",\"url\":\"https:\\\/\\\/equisana.ch\\\/\",\"logo\":{\"@type\":\"ImageObject\",\"inLanguage\":\"fr-FR\",\"@id\":\"https:\\\/\\\/equisana.ch\\\/#\\\/schema\\\/logo\\\/image\\\/\",\"url\":\"https:\\\/\\\/equisana.ch\\\/wp-content\\\/uploads\\\/2023\\\/03\\\/cropped-equisana-logo.png\",\"contentUrl\":\"https:\\\/\\\/equisana.ch\\\/wp-content\\\/uploads\\\/2023\\\/03\\\/cropped-equisana-logo.png\",\"width\":342,\"height\":124,\"caption\":\"EQUISANA GmbH einfach nat\u00fcrlich\"},\"image\":{\"@id\":\"https:\\\/\\\/equisana.ch\\\/#\\\/schema\\\/logo\\\/image\\\/\"},\"sameAs\":[\"https:\\\/\\\/www.facebook.com\\\/Equisana\\\/\"]}]}<\/script>\n<!-- \/ Yoast SEO plugin. -->","yoast_head_json":{"title":"Alimentation de cheval - EQUISANA tout simplement naturel","description":"Nous sommes votre partenaire pour une alimentation naturelle et conforme aux besoins de l\u2019esp\u00e8ce. De l\u2019alimentation de base en passant par un compl\u00e9ment min\u00e9ral ou suppl\u00e9mentaire appropri\u00e9 jusqu\u2019aux friandises saines. D\u00e9couvrez maintenant notre assortiment !","robots":{"index":"index","follow":"follow","max-snippet":"max-snippet:-1","max-image-preview":"max-image-preview:large","max-video-preview":"max-video-preview:-1"},"canonical":"https:\/\/equisana.ch\/pferdefuetterung\/","og_locale":"fr_FR","og_type":"article","og_title":"Alimentation de cheval - EQUISANA tout simplement naturel","og_description":"Nous sommes votre partenaire pour une alimentation naturelle et conforme aux besoins de l\u2019esp\u00e8ce. De l\u2019alimentation de base en passant par un compl\u00e9ment min\u00e9ral ou suppl\u00e9mentaire appropri\u00e9 jusqu\u2019aux friandises saines. D\u00e9couvrez maintenant notre assortiment !","og_url":"https:\/\/equisana.ch\/pferdefuetterung\/","og_site_name":"Equisana Sarl tout simplement naturel","article_publisher":"https:\/\/www.facebook.com\/Equisana\/","article_modified_time":"2024-08-27T10:54:34+00:00","og_image":[{"url":"https:\/\/equisana.ch\/wp-content\/uploads\/2019\/06\/Equisana-pferdefuetterung-krippenfutter-content-768x600.jpg","type":"","width":"","height":""}],"twitter_card":"summary_large_image","twitter_misc":{"Dur\u00e9e de lecture estim\u00e9e":"5 minutes"},"schema":{"@context":"https:\/\/schema.org","@graph":[{"@type":"WebPage","@id":"https:\/\/equisana.ch\/pferdefuetterung\/","url":"https:\/\/equisana.ch\/pferdefuetterung\/","name":"Alimentation de cheval - EQUISANA tout simplement naturel","isPartOf":{"@id":"https:\/\/equisana.ch\/#website"},"primaryImageOfPage":{"@id":"https:\/\/equisana.ch\/pferdefuetterung\/#primaryimage"},"image":{"@id":"https:\/\/equisana.ch\/pferdefuetterung\/#primaryimage"},"thumbnailUrl":"https:\/\/equisana.ch\/wp-content\/uploads\/2019\/06\/Equisana-pferdefuetterung-krippenfutter-content-768x600.jpg","datePublished":"2019-05-22T07:05:34+00:00","dateModified":"2024-08-27T10:54:34+00:00","description":"Nous sommes votre partenaire pour une alimentation naturelle et conforme aux besoins de l\u2019esp\u00e8ce. De l\u2019alimentation de base en passant par un compl\u00e9ment min\u00e9ral ou suppl\u00e9mentaire appropri\u00e9 jusqu\u2019aux friandises saines. D\u00e9couvrez maintenant notre assortiment !","breadcrumb":{"@id":"https:\/\/equisana.ch\/pferdefuetterung\/#breadcrumb"},"inLanguage":"fr-FR","potentialAction":[{"@type":"ReadAction","target":["https:\/\/equisana.ch\/pferdefuetterung\/"]}]},{"@type":"ImageObject","inLanguage":"fr-FR","@id":"https:\/\/equisana.ch\/pferdefuetterung\/#primaryimage","url":"https:\/\/equisana.ch\/wp-content\/uploads\/2019\/06\/Equisana-pferdefuetterung-krippenfutter-content-768x600.jpg","contentUrl":"https:\/\/equisana.ch\/wp-content\/uploads\/2019\/06\/Equisana-pferdefuetterung-krippenfutter-content-768x600.jpg"},{"@type":"BreadcrumbList","@id":"https:\/\/equisana.ch\/pferdefuetterung\/#breadcrumb","itemListElement":[{"@type":"ListItem","position":1,"name":"Startseite","item":"https:\/\/equisana.ch\/"},{"@type":"ListItem","position":2,"name":"Alimentation"}]},{"@type":"WebSite","@id":"https:\/\/equisana.ch\/#website","url":"https:\/\/equisana.ch\/","name":"EQUISANA GmbH einfach nat\u00fcrlich","description":"Tout simplement naturel","publisher":{"@id":"https:\/\/equisana.ch\/#organization"},"potentialAction":[{"@type":"SearchAction","target":{"@type":"EntryPoint","urlTemplate":"https:\/\/equisana.ch\/?s={search_term_string}"},"query-input":{"@type":"PropertyValueSpecification","valueRequired":true,"valueName":"search_term_string"}}],"inLanguage":"fr-FR"},{"@type":"Organization","@id":"https:\/\/equisana.ch\/#organization","name":"EQUISANA GmbH einfach nat\u00fcrlich","url":"https:\/\/equisana.ch\/","logo":{"@type":"ImageObject","inLanguage":"fr-FR","@id":"https:\/\/equisana.ch\/#\/schema\/logo\/image\/","url":"https:\/\/equisana.ch\/wp-content\/uploads\/2023\/03\/cropped-equisana-logo.png","contentUrl":"https:\/\/equisana.ch\/wp-content\/uploads\/2023\/03\/cropped-equisana-logo.png","width":342,"height":124,"caption":"EQUISANA GmbH einfach nat\u00fcrlich"},"image":{"@id":"https:\/\/equisana.ch\/#\/schema\/logo\/image\/"},"sameAs":["https:\/\/www.facebook.com\/Equisana\/"]}]}},"_links":{"self":[{"href":"https:\/\/equisana.ch\/fr\/wp-json\/wp\/v2\/pages\/2211","targetHints":{"allow":["GET"]}}],"collection":[{"href":"https:\/\/equisana.ch\/fr\/wp-json\/wp\/v2\/pages"}],"about":[{"href":"https:\/\/equisana.ch\/fr\/wp-json\/wp\/v2\/types\/page"}],"author":[{"embeddable":true,"href":"https:\/\/equisana.ch\/fr\/wp-json\/wp\/v2\/users\/1"}],"replies":[{"embeddable":true,"href":"https:\/\/equisana.ch\/fr\/wp-json\/wp\/v2\/comments?post=2211"}],"version-history":[{"count":16,"href":"https:\/\/equisana.ch\/fr\/wp-json\/wp\/v2\/pages\/2211\/revisions"}],"predecessor-version":[{"id":24121,"href":"https:\/\/equisana.ch\/fr\/wp-json\/wp\/v2\/pages\/2211\/revisions\/24121"}],"wp:attachment":[{"href":"https:\/\/equisana.ch\/fr\/wp-json\/wp\/v2\/media?parent=2211"}],"curies":[{"name":"wp","href":"https:\/\/api.w.org\/{rel}","templated":true}]}}