{"id":2471,"date":"2019-05-19T11:20:06","date_gmt":"2019-05-19T11:20:06","guid":{"rendered":"https:\/\/equisana.ch\/datenschutz\/"},"modified":"2023-03-19T15:38:50","modified_gmt":"2023-03-19T15:38:50","slug":"protection-des-donnes","status":"publish","type":"page","link":"https:\/\/equisana.ch\/fr\/protection-des-donnes\/","title":{"rendered":"Protection des donn\u00e9es"},"content":{"rendered":"\t\t<div data-elementor-type=\"wp-post\" data-elementor-id=\"2471\" class=\"elementor elementor-2471 elementor-174\">\n\t\t\t\t\t\t<section class=\"elementor-section elementor-top-section elementor-element elementor-element-5db4f1f4 elementor-section-boxed elementor-section-height-default elementor-section-height-default\" data-id=\"5db4f1f4\" data-element_type=\"section\" data-e-type=\"section\">\n\t\t\t\t\t\t<div class=\"elementor-container elementor-column-gap-default\">\n\t\t\t\t\t<div class=\"aux-parallax-section elementor-column elementor-col-100 elementor-top-column elementor-element elementor-element-2a5cc0c8\" data-id=\"2a5cc0c8\" data-element_type=\"column\" data-e-type=\"column\">\n\t\t\t<div class=\"elementor-widget-wrap elementor-element-populated\">\n\t\t\t\t\t\t<div class=\"elementor-element elementor-element-19a98ce0 elementor-widget elementor-widget-heading\" data-id=\"19a98ce0\" data-element_type=\"widget\" data-e-type=\"widget\" data-widget_type=\"heading.default\">\n\t\t\t\t<div class=\"elementor-widget-container\">\n\t\t\t\t\t<h1 class=\"elementor-heading-title elementor-size-default\">Protection des donn\u00e9es <\/h1>\t\t\t\t<\/div>\n\t\t\t\t<\/div>\n\t\t\t\t<div class=\"elementor-element elementor-element-2b2ded80 elementor-widget elementor-widget-text-editor\" data-id=\"2b2ded80\" data-element_type=\"widget\" data-e-type=\"widget\" data-widget_type=\"text-editor.default\">\n\t\t\t\t<div class=\"elementor-widget-container\">\n\t\t\t\t\t\t\t\t\t<p>Stand Mai 2019<br \/>In dieser Datenschutzerkl\u00e4rung erl\u00e4utern wir, wie wir Personendaten erheben und ansonsten bearbeiten. Dabei handelt es sich um keine abschliessende Beschreibung; allenfalls regeln andere Datenschutzerkl\u00e4rungen spezifische Sachverhalte.<br \/>Unter Personendaten werden alle Angaben verstanden, die sich auf eine bestimmte oder bestimmbare Person beziehen. Wenn Sie uns Personendaten anderer Personen zur Verf\u00fcgung stellen, stellen Sie bitte sicher, dass diese Personen die vorliegende Datenschutzerkl\u00e4rung kennen und teilen Sie uns deren Personendaten nur mit, wenn Sie dies d\u00fcrfen und wenn diese Personendaten korrekt sind.<br \/>Diese Datenschutzerkl\u00e4rung beruht auf den Vorgaben der Datenschutz-Grundverordnung der Europ\u00e4ischen Union (DSGVO).<\/p>\n<p><strong>1. Name und Kontaktdaten des Verantwortlichen <br \/><\/strong><\/p>\n<p>Verantwortlich f\u00fcr die in dieser Datenschutzerkl\u00e4rung beschriebenen Datenverarbeitungen sowie betrieblicher Datenschutzbeauftragter i.S.v. Art. 37 DSGVO ist die EQUISANA GmbH. Wenn Sie datenschutzrechtliche Anliegen haben, k\u00f6nnen Sie mit dem Verantwortlichen resp. Datenschutzbeauftragten wie folgt in Kontakt treten:<\/p>\n<p>EQUISANA GmbH<br \/>Gr\u00e4nicherweg 13<br \/>5502 Hunzenschwil<\/p>\n<p>Mail: <span \n                data-original-string='Ynj56WijcqcPK1Ra+KXlBw==df4ORZq2f+p1ZdzRRIfhh\/ieyocjbiJQwKCHZns1CqYdbw='\n                class='apbct-email-encoder'\n                title='This contact has been encoded by Anti-Spam by CleanTalk. Click to decode. To finish the decoding make sure that JavaScript is enabled in your browser.'>in<span class=\"apbct-blur\">**<\/span>@<span class=\"apbct-blur\">******<\/span>na.ch<\/span><br \/>Tel: 079 104 14 64<\/p>\n<p><strong>2. Erhebung und Speicherung personenbezogener Daten sowie Art und Zweck derer Verwendung<\/strong><\/p>\n<p>Die Verarbeitung personenbezogener Daten unserer Nutzer beschr\u00e4nkt sich auf jene Daten, welche zur Bereitstellung einer funktionsf\u00e4higen Website sowie deren Inhalte und Leistungen erforderlich sind. Die Verarbeitung erfolgt nur zu den mit Ihnen vereinbarten oder den in dieser Datenschutzerkl\u00e4rung aufgef\u00fchrten und durch eine rechtliche Grundlage in der DSGVO abgest\u00fctzten Zwecken. Es werden nur werden nur solche personenbezogenen Daten erhoben, welche f\u00fcr die Durchf\u00fchrung und Abwicklung unserer Aufgaben und Leistungen tats\u00e4chlich erforderlich sind oder die Sie uns freiwillig zur Verf\u00fcgung gestellt haben.<\/p>\n<p>a) Beim Besuch der Website<\/p>\n<p>Beim Aufrufen unserer Website <u><a href=\"http:\/\/www.equisana.ch\">www.equisana.ch<\/a><\/u> werden durch den auf Ihrem Endger\u00e4t zum Einsatz kommenden Browser automatisch Informationen an den Server unserer Website gesendet. Diese Informationen werden tempor\u00e4r in einem sog. Logfile gespeichert.<\/p>\n<p>Folgende Informationen werden dabei ohne Ihr Zutun erfasst und bis zur automatisierten L\u00f6schung gespeichert:<\/p>\n<ul>\n<li>IP-Adresse des anfragenden Rechners,<\/li>\n<li>Datum und Uhrzeit des Zugriffs,<\/li>\n<li>Name und URL der abgerufenen Datei,<\/li>\n<li>Website, von der aus der Zugriff erfolgt (Referrer-URL),<\/li>\n<li>verwendeter Browser und ggf. das Betriebssystem Ihres Rechners sowie der Name Ihres Access-Providers,<\/li>\n<li>\u00fcbertragene Datenmenge.<\/li>\n<\/ul>\n<p>Die genannten Daten werden durch uns zu folgenden Zwecken verarbeitet:<\/p>\n<ul>\n<li>Gew\u00e4hrleistung eines reibungslosen Verbindungsaufbaus der Website,<\/li>\n<li>Gew\u00e4hrleistung einer komfortablen Nutzung unserer Website,<\/li>\n<li>Auswertung der Systemsicherheit und -stabilit\u00e4t sowie<\/li>\n<li>weiteren administrativen Zwecken.<\/li>\n<\/ul>\n<p>Rechtsgrundlage f\u00fcr die Datenverarbeitung bildet Art. 6 Abs. 1 Satz 1 lit. f) DSGVO. Unser berechtigtes Interesse folgt aus oben aufgelisteten Zwecken zur Datenerhebung. In keinem Fall verwenden wir die erhobenen Daten zu dem Zweck, R\u00fcckschl\u00fcsse auf Ihre Person zu ziehen.<\/p>\n<p>Dar\u00fcber hinaus setzen wir beim Besuch unserer Website Cookies sowie Analysedienste ein. N\u00e4here Erl\u00e4uterungen dazu k\u00f6nnen Sie den Ziffern 4 und 5 dieser Datenschutzerkl\u00e4rung entnehmen.b) Bei Nutzung unserer Kontaktformulare<\/p>\n<p>Auf unserer Website sind Formulare vorhanden, welche f\u00fcr die elektronische Kontaktaufnahme (allgemeine Anfragen, Offertstellungen etc.) genutzt werden k\u00f6nnen. Nimmt ein Nutzer diese M\u00f6glichkeit wahr, so werden die folgenden in der Eingabemaske eingetragenen Daten an uns \u00fcbermittelt und gespeichert:<\/p>\n<p>(1) Name<br \/>(2) Telefon-Nr.<br \/>(3) E-Mail<\/p>\n<p>F\u00fcr die Verarbeitung der Daten wird im Rahmen des Absendevorgangs separat eine Einwilligung von Ihnen eingeholt mit einem Verweis auf diese Datenschutzerkl\u00e4rung Die Datenverarbeitung st\u00fctzt sich somit auf Art. 6 Abs. 1 Satz 1 lit. a DSGVO resp. Ihre freiwillig erteilte Einwilligung.<\/p>\n<p>Die Verarbeitung der personenbezogenen Daten aus der Eingabemaske erfolgt allein zum Zweck der Bearbeitung Ihrer Kontaktaufnahme. Die von Ihnen eingegebenen personenbezogenen Daten dienen dazu, unsere Geheimnisschutzinteressen zu wahren und einen Missbrauch des Kontaktformulars zu verhindern, insbesondere durch die Feststellung, von wem eine Anfrage stammt.<\/p>\n<p>Die f\u00fcr die Benutzung des Kontaktformulars von uns erhobenen personenbezogenen Daten werden nach Erledigung der von Ihnen gestellten Anfrage automatisch gel\u00f6scht.<\/p>\n<p>Sie haben jederzeit die M\u00f6glichkeit, Ihre Einwilligung zur Verarbeitung Ihrer personenbezogenen Daten zu widerrufen (siehe Ziff. 11). In diesem Fall kann die von Ihnen gestellte Anfrage nicht mehr bearbeitet werden. Die Rechtm\u00e4ssigkeit der bis dahin aufgrund der Einwilligung erfolgten Verarbeitung wird nicht ber\u00fchrt.<\/p>\n<p>c) Bei der Bestellung von Produkten<br \/>Auf unserer Website haben Sie die M\u00f6glichkeit, Produkte zu bestellen. Gibt ein Nutzer eine Produktebestellung auf, so werden die folgenden in der Eingabemaske eingetragenen Daten an uns \u00fcbermittelt und gespeichert:<\/p>\n<p>(1) Anrede<br \/>(2) Name<br \/>(3) Vorname<br \/>(4) Adresse<br \/>(5) Ort<br \/>(6) PLZ<br \/>(7) Telefon-Nr.<br \/>(8) E-Mail<\/p>\n<p>F\u00fcr die Verarbeitung der Daten wird im Rahmen des Absendevorgangs eine separate Einwilligung von Ihnen eingeholt (durch Aktivieren des entsprechenden Kontrollk\u00e4stchens) mit einem Verweis auf diese Datenschutzerkl\u00e4rung. Die Datenverarbeitung st\u00fctzt sich somit auf Art. 6 Abs. 1 Satz 1 lit. a DSGVO resp. auf Ihre freiwillig erteilte Einwilligung.<\/p>\n<p>Die Verarbeitung der personenbezogenen Daten aus der Eingabemaske erfolgt allein zum Zweck der ordnungsgem\u00e4ssen Bearbeitung Ihrer Bestellung. Die von Ihnen eingegebenen personenbezogenen Daten dienen dazu, unsere Geheimnisschutzinteressen zu wahren und einen Missbrauch des Bestellformulars zu verhindern, insbesondere durch die Feststellung, von wem eine Bestellung stammt.<\/p>\n<p>Die f\u00fcr die Benutzung des Bestellformulars von uns erhobenen personenbezogenen Daten werden nach Erledigung der von Ihnen aufgegebenen Bestellung automatisch gel\u00f6scht.<\/p>\n<p>Sie haben jederzeit die M\u00f6glichkeit, Ihre Einwilligung zur Verarbeitung der personenbezogenen Daten zu widerrufen (siehe Ziff. 11). In diesem Fall kann die von Ihnen aufgegebene Bestellung nicht mehr bearbeitet werden. Die Rechtm\u00e4ssigkeit der bis dahin aufgrund der Einwilligung erfolgten Verarbeitung wird nicht ber\u00fchrt.<\/p>\n<p>d) Anlegen eines Kundenkontos<\/p>\n<p>Wenn Sie bei uns einkaufen, werden wir Sie auffordern, Informationen wie Ihren Namen, Ihre Rechnungs- und Versandadresse, Ihre E-Mail-Adresse und Ihre Telefonnummer, Kreditkartendaten\/Zahlungsdetails sowie optionale Kontoinformationen wie Benutzername und Kennwort anzugeben. Wir nutzen diese Informationen f\u00fcr folgende Zwecke:<\/p>\n<ul>\n<li>Zusenden von Informationen \u00fcber Ihr Konto und Ihre Bestellung<\/li>\n<li>Antwort auf Ihre Anfragen, inklusive Erstattungen und Beschwerden<\/li>\n<li>Bearbeitung von Zahlungsvorg\u00e4ngen und Verhinderung von Betrug<\/li>\n<li>Einhaltung aller rechtlichen Verpflichtungen, beispielsweise die Steuerberechnung<\/li>\n<li>Verbesserung unsere Shop-Angebote<\/li>\n<li>Senden von Marketing-Nachrichten, wenn Sie diese erhalten m\u00f6chten<\/li>\n<\/ul>\n<p>Wenn Sie ein Konto bei uns erstellen, speichern wir Ihren Namen, Ihre Adresse, Ihre E-Mail-Adresse und Ihre Telefonnummer. Diese Angaben werden bei k\u00fcnftigen Bestellungen zum Ausf\u00fcllen der Bezahlinformationen verwendet.<\/p>\n<p>Wir speichern Informationen \u00fcber Sie \u00fcblicherweise so lange, wie wir sie f\u00fcr den Zweck der Erfassung und Nutzung ben\u00f6tigen und verpflichtet sind, sie zu speichern. Beispielsweise speichern wir Bestellinformationen f\u00fcr 1 Jahr aus Steuer- und Abrechnungsgr\u00fcnden. Dazu geh\u00f6rt Ihr Name, ihre E-Mail-Adresse sowie Ihre Rechnungs- und Versandadresse.<\/p>\n<p>Wir speichern auch Kommentare oder Bewertungen, wenn Sie sich dazu entscheiden, diese zu hinterlassen.<\/p>\n<p>e) Zahlungen<\/p>\n<p>Wir akzeptieren Zahlungen mit PayPal. Bei der Verarbeitung von Zahlungen werden einige Ihrer Daten an PayPal weitergegeben, einschliesslich die f\u00fcr die Verarbeitung oder Durchf\u00fchrung der Zahlung erforderliche Informationen, wie zB Gesamtkaufpreis und Rechnungsinformationen.<\/p>\n<p>Hier k\u00f6nnen Sie sich die <a href=\"https:\/\/www.paypal.com\/us\/webapps\/mpp\/ua\/privacy-full\">PayPal Datenschutzerkl\u00e4rung<\/a> ansehen.<\/p>\n<p><strong>3. Erhebung, Verarbeitung, Speicherung und Weitergabe von Daten<\/strong><\/p>\n<p>Eine Erhebung, Verarbeitung, Speicherung und\/oder \u00dcbermittlung Ihrer pers\u00f6nlichen Daten an Dritte zu anderen als den im Folgenden aufgef\u00fchrten Zwecken findet nicht statt.<\/p>\n<p>Wir geben Ihre pers\u00f6nlichen Daten nur an Dritte weiter, wenn:<\/p>\n<ul>\n<li>Sie dazu Ihre ausdr\u00fcckliche Einwilligung i.S.v. Art. 6 Abs. 1 Satz 1 lit. a DSGVO erteilt haben,<\/li>\n<li>dies gesetzlich zul\u00e4ssig und nach Art. 6 Abs. 1 Satz 1 lit. b DSGVO f\u00fcr die Abwicklung von Vertragsverh\u00e4ltnissen mit Ihnen erforderlich ist,<\/li>\n<li>f\u00fcr den Fall, dass f\u00fcr die Weitergabe nach Art. 6 Abs. 1 Satz 1 lit. c DSGVO eine gesetzliche Verpflichtung besteht,<\/li>\n<li>die Verarbeitung erforderlich ist, um lebenswichtige Interessen nach Art. 6 Abs. 1 Satz 1 lit. d DSGVO Ihrerseits oder einer anderen nat\u00fcrlichen Person zu sch\u00fctzen,<\/li>\n<li>die Verarbeitung nach Art. 6 Abs. 1 Satz 1 lit. e DSGVO f\u00fcr die Wahrnehmung einer Aufgabe erforderlich ist, die im \u00f6ffentlichen Interesse liegt oder in Aus\u00fcbung \u00f6ffentlicher Gewalt erfolgt, die uns \u00fcbertragen wurde, oder<\/li>\n<li>die Weitergabe nach Art. 6 Abs. 1 Satz 1 lit. f DSGVO zur Geltendmachung, Aus\u00fcbung oder Verteidigung von Rechtsanspr\u00fcchen erforderlich ist und kein Grund zu der Annahme besteht, dass Sie ein \u00fcberwiegendes schutzw\u00fcrdiges Interesse an der Nichtweitergabe Ihrer Daten haben.<\/li>\n<\/ul>\n<p><strong>4. Cookies<\/strong><\/p>\n<p>Wir setzen auf unserer Website Cookies ein. Hierbei handelt es sich um kleine Dateien, die Ihr Browser automatisch erstellt und die auf Ihrem Endger\u00e4t (Laptop, Tablet, Smartphone o. \u00c4.) gespeichert werden, wenn Sie unsere Website besuchen. Cookies richten auf Ihrem Endger\u00e4t keinen Schaden an, enthalten keine Viren, Trojaner oder sonstige Schadsoftware.<\/p>\n<p>In dem Cookie werden Informationen abgelegt, die sich jeweils im Zusammenhang mit dem spezifisch eingesetzten Endger\u00e4t ergeben. Damit k\u00f6nnen wir Sie wiedererkennen, wenn Sie unsere Website erneut aufrufen. Dies bedeutet jedoch nicht, dass wir dadurch unmittelbar Kenntnis von Ihrer Identit\u00e4t erhalten.<\/p>\n<p>Der Einsatz von Cookies dient einerseits dazu, die Nutzung unseres Angebots f\u00fcr Sie angenehmer zu gestalten. Daf\u00fcr setzen wir sogenannte Session-Cookies ein, um zu erkennen, ob Sie einzelne Seiten unserer Website bereits besucht haben. Diese werden nach Verlassen unserer Website automatisch gel\u00f6scht.<\/p>\n<p>Dar\u00fcber hinaus setzen wir ebenfalls zur Optimierung der Benutzerfreundlichkeit tempor\u00e4re Cookies ein, die f\u00fcr einen bestimmten festgelegten Zeitraum auf Ihrem Endger\u00e4t gespeichert werden. Besuchen Sie unsere Website erneut, um unsere Dienste in Anspruch zu nehmen, wird automatisch erkannt, dass Sie bereits bei uns waren und, welche Eingaben und Einstellungen Sie dabei get\u00e4tigt haben. So m\u00fcssen Sie diese nicht noch einmal eingeben.<\/p>\n<p>Andererseits setzten wir Cookies ein, um die Nutzung unserer Website statistisch zu erfassen und die Optimierung unseres Angebots f\u00fcr Sie auszuwerten (siehe Ziff. 5). Diese Cookies erm\u00f6glichen es uns, bei einem erneuten Besuch unserer Website automatisch zu erkennen, dass Sie bereits bei uns waren. Diese Cookies werden nach einer jeweils definierten Zeit automatisch gel\u00f6scht.<\/p>\n<p>Die durch Cookies verarbeiteten Daten sind den genannten Zwecken entsprechend zur Wahrung unserer berechtigten Interessen sowie derer Dritter i.S.v. Art. 6 Abs. 1 Satz 1 lit. f DSGVO erforderlich.<\/p>\n<p>Die meisten Browser akzeptieren Cookies automatisch. Sie k\u00f6nnen Ihren Browser jedoch so konfigurieren, dass er Cookies zur\u00fcckweist, nur f\u00fcr eine Sitzung speichert oder sonst vorzeitig l\u00f6scht oder, dass stets ein Hinweis erscheint, bevor ein neues Cookie angelegt wird und Sie dieses dann im Einzelfall erlauben k\u00f6nnen oder nicht. Bei einer vollst\u00e4ndigen Deaktivierung von Cookies kann es aber sein, dass gewisse Funktionen unserer Website nicht mehr nutzbar sind<\/p>\n<p><strong>5. Google Maps<\/strong><\/p>\n<p>Unserer Website nutzt \u00fcber eine Schnittstelle (API) den Kartendienst Google Maps. Anbieter ist die Google Inc., 1600 Amphitheatre Parkway, Mountain View, CA 94043, USA.<br \/>Zur Nutzung der Funktionen von Google Maps ist es notwendig, Ihre IP-Adresse zu speichern. Diese Informationen werden in der Regel an einen Server von Google in den USA \u00fcbertragen und dort gespeichert. Wir haben keinen Einfluss auf diese Daten\u00fcbertragung. Die Nutzung von Google Maps erfolgt im Interesse einer ansprechenden Darstellung unserer Online-Angebote sowie einer leichten Auffindbarkeit der von uns auf der Website angegebenen Orte. Dies stellt ein berechtigtes Interesse i.S.v. Art. 6 Abs. 1 lit. f DSGVO dar. Bevor Sie auf die entsprechende Karte von Google Maps weitergeleitet werden, weisen wir Sie zudem explizit darauf hin. Erst, wenn Sie diesen Hinweis best\u00e4tigt haben und sich somit damit einverstanden erkl\u00e4ren, wird die Karte geladen. Dementsprechend st\u00fctzt sich die Nutzung von Google Maps auch auf Art. 6 Abs. 1 lit. a DSGVO. Mehr Informationen zum Umgang mit Ihren Nutzerdaten finden Sie in der Datenschutzerkl\u00e4rung von Google (<a href=\"https:\/\/www.google.de\/intl\/de\/policies\/privacy\/\">https:\/\/www.google.de\/intl\/de\/policies\/privacy\/<\/a>).<\/p>\n<p><strong>6. Betroffenenrechte<\/strong><\/p>\n<p>Sie haben, soweit personenbezogene Daten von Ihnen verarbeitet werden, das Recht:<\/p>\n<ul>\n<li>gem\u00e4ss Art. 15 DSGVO Auskunft \u00fcber Ihre von uns verarbeiteten personenbezogenen Daten zu verlangen. Insbesondere k\u00f6nnen Sie Auskunft \u00fcber die Verarbeitungszwecke, die Kategorien der personenbezogenen Daten, die Kategorien von Empf\u00e4ngern, gegen\u00fcber denen Ihre Daten offengelegt wurden oder werden, die geplante Speicherdauer, das Bestehen eines Rechts auf Berichtigung, L\u00f6schung, Einschr\u00e4nkung der Verarbeitung oder Widerspruch, das Bestehen eines Beschwerderechts, die Herkunft Ihrer Daten, sofern diese nicht bei uns erhoben wurden, sowie \u00fcber das Bestehen einer automatisierten Entscheidungsfindung einschliesslich Profiling und ggf. aussagekr\u00e4ftigen Informationen zu deren Einzelheiten verlangen;<\/li>\n<li>gem\u00e4ss Art. 16 DSGVO unverz\u00fcglich die Berichtigung unrichtiger oder Vervollst\u00e4ndigung Ihrer bei uns gespeicherten personenbezogenen Daten zu verlangen;<\/li>\n<li>gem\u00e4ss Art. 17 DSGVO die L\u00f6schung Ihrer bei uns gespeicherten personenbezogenen Daten zu verlangen, soweit nicht die Verarbeitung zur Aus\u00fcbung des Rechts auf freie Meinungs\u00e4usserung und Information, zur Erf\u00fcllung einer rechtlichen Verpflichtung, aus Gr\u00fcnden des \u00f6ffentlichen Interessens oder zur Geltendmachung, Aus\u00fcbung oder Verteidigung von Rechtsanspr\u00fcchen erforderlich ist;<\/li>\n<li>gem\u00e4ss Art. 18 DSGVO die Einschr\u00e4nkung der Verarbeitung Ihrer personenbezogenen Daten zu verlangen, soweit a) die Richtigkeit der Daten von Ihnen bestritten wird, b) die Verarbeitung unrechtm\u00e4ssig ist, Sie aber deren L\u00f6schung ablehnen, c) wir die Daten nicht mehr ben\u00f6tigen, Sie jedoch diese zur Geltendmachung, Aus\u00fcbung oder Verteidigung von Rechtsanspr\u00fcchen ben\u00f6tigen oder d) Sie gem\u00e4ss Art. 21 DSGVO Widerspruch gegen die Verarbeitung eingelegt haben;<\/li>\n<li>gem\u00e4ss Art. 20 DSGVO Ihre personenbezogenen Daten, die Sie uns bereitgestellt haben, in einem strukturierten, g\u00e4ngigen und maschinenlesbaren Format zu erhalten oder die \u00dcbermittlung an einen anderen Verantwortlichen zu verlangen;<\/li>\n<li>gem\u00e4ss Art. 7 Abs. 3 DSGVO Ihre einmal erteilte Einwilligung jederzeit gegen\u00fcber uns zu widerrufen. Dies hat zur Folge, dass wir die Datenverarbeitung, welche auf dieser Einwilligung beruhte, f\u00fcr die Zukunft nicht mehr fortf\u00fchren d\u00fcrfen; und<\/li>\n<li>gem\u00e4ss Art. 77 Abs. 1 DSGVO sich bei einer Aufsichtsbeh\u00f6rde zu beschweren. Die zust\u00e4ndige Datenschutzbeh\u00f6rde der Schweiz ist der Eidgen\u00f6ssische Datenschutz- und \u00d6ffentlichkeitsbeauftragte (<a href=\"http:\/\/www.edoeb.admin.ch\">http:\/\/www.edoeb.admin.ch<\/a>).<br \/>Bitte beachten Sie aber, dass wir uns vorbehalten, unsererseits die gesetzlich vorgesehenen Einschr\u00e4nkungen geltend zu machen, z.B. wenn wir zur Aufbewahrung oder Bearbeitung gewisser Daten verpflichtet sind, daran ein \u00fcberwiegendes Interesse haben (soweit wir uns darauf berufen d\u00fcrfen) oder sie f\u00fcr die Geltendmachung von Anspr\u00fcchen ben\u00f6tigen. Beachten Sie zudem, dass die Aus\u00fcbung gewisser Rechte auch im Konflikt zu vertraglichen Abmachungen stehen kann und dies Folgen wie z.B. die vorzeitige Vertragsaufl\u00f6sung oder Kostenfolgen haben kann. Wir werden Sie in diesem Fall vorg\u00e4ngig informieren, wo dies nicht bereits vertraglich geregelt ist.<\/li>\n<\/ul>\n<p><strong>7. Widerspruchsrecht<\/strong><\/p>\n<p>Sofern Ihre personenbezogenen Daten aufgrund von berechtigten Interessen i.S.v. Art. 6 Abs. 1 Satz 1 lit. f DSGVO oder zur Betreibung von Direktwerbung verarbeitet werden, haben Sie das Recht, gem\u00e4ss Art. 21 Abs. 1 bzw. 2 DSGVO Widerspruch gegen die Verarbeitung Ihrer personenbezogenen Daten einzulegen. Ersten Falls, soweit daf\u00fcr Gr\u00fcnde vorliegen, die sich aus Ihrer besonderen Situation ergeben. Letzteren Falls haben Sie ein generelles Widerspruchsrecht.<\/p>\n<p><strong>8. Aus\u00fcbung des Widerrufs-, Widerspruchs- oder K\u00fcndigungsrechts<br \/><\/strong><br \/>M\u00f6chten Sie von Ihrem Widerrufs-, Widerspruchs- oder K\u00fcndigungsrecht Gebrauch machen, gen\u00fcgt eine E-Mail an <u><a href=\"mailto:in**@******na.ch\" data-original-string=\"X9zA4paJkYk\/HKm1vHGSIw==df4wk4bd6\/iMA9D9CJSl9c\/N3ONkENHnEQsbGrANCEb3uA=\" title=\"This contact has been encoded by Anti-Spam by CleanTalk. Click to decode. To finish the decoding make sure that JavaScript is enabled in your browser.\"><span \n                data-original-string='+UN659MXiQ6Wk1ocD2JCmQ==df46tje2hYo8NBxglBG2nxKRO0b2qz91YtBLckCvgBqp7s='\n                class='apbct-email-encoder'\n                title='This contact has been encoded by Anti-Spam by CleanTalk. Click to decode. To finish the decoding make sure that JavaScript is enabled in your browser.'>in<span class=\"apbct-blur\">**<\/span>@<span class=\"apbct-blur\">******<\/span>na.ch<\/span><\/a><\/u>.<\/p>\n<p><strong>9. Datensicherheit<\/strong><\/p>\n<p>Wir verwenden innerhalb Ihres Website-Besuchs das verbreitete SSL-Verfahren (Secure Socket Layer) in Verbindung mit der jeweils h\u00f6chsten Verschl\u00fcsselungsstufe, die von Ihrem Browser unterst\u00fctzt wird. In der Regel handelt es sich dabei um eine 256-Bit Verschl\u00fcsselung. Falls Ihr Browser keine 256-Bit Verschl\u00fcsselung unterst\u00fctzt, greifen wir stattdessen auf die 128-Bit v3 Technologie zur\u00fcck. Ob eine einzelne Seite unseres Internetauftrittes verschl\u00fcsselt \u00fcbertragen wird, erkennen Sie an der geschlossenen Darstellung des Sch\u00fcssel- bzw. Schloss-Symbols in der Statusleiste Ihres Browsers.<\/p>\n<p>Wir bedienen uns im \u00dcbrigen geeigneter technischer und organisatorischer Sicherheitsmassnahmen, um Ihre Daten gegen zuf\u00e4llige oder vors\u00e4tzliche Manipulationen, teilweisen oder vollst\u00e4ndigen Verlust, Zerst\u00f6rung oder gegen den unbefugten Zugriff Dritter zu sch\u00fctzen. Unsere Sicherheitsmassnahmen werden entsprechend der technologischen Entwicklung fortlaufend verbessert.<\/p>\n<p><strong>10. Aktualit\u00e4t und \u00c4nderung dieser Datenschutzerkl\u00e4rung<\/strong><\/p>\n<p>Diese Datenschutzerkl\u00e4rung ist aktuell g\u00fcltig und hat den Stand Mai 2019.<\/p>\n<p>Durch die Weiterentwicklung unserer Website und Angebote oder aufgrund ge\u00e4nderter gesetzlicher bzw. beh\u00f6rdlicher Vorgaben kann es notwendig werden, diese Datenschutzerkl\u00e4rung zu \u00e4ndern. Die jeweils aktuelle und damit geltende Datenschutzerkl\u00e4rung kann jederzeit auf unserer Website resp. unter <u><a href=\"http:\/\/www.equisana.ch\">www.equisana.ch<\/a><\/u> von Ihnen abgerufen und ausgedruckt werden.<\/p>\n\t\t\t\t\t\t\t\t<\/div>\n\t\t\t\t<\/div>\n\t\t\t\t\t<\/div>\n\t\t<\/div>\n\t\t\t\t\t<\/div>\n\t\t<\/section>\n\t\t\t\t<\/div>\n\t\t","protected":false},"excerpt":{"rendered":"<p>Protection des donn\u00e9es Stand Mai 2019 In dieser Datenschutzerkl\u00e4rung erl\u00e4utern wir, wie wir Personendaten erheben und ansonsten bearbeiten. Dabei handelt es sich um keine abschliessende Beschreibung; allenfalls regeln andere Datenschutzerkl\u00e4rungen spezifische Sachverhalte. Unter Personendaten werden alle Angaben verstanden, die sich auf eine bestimmte oder bestimmbare Person beziehen. Wenn Sie uns Personendaten anderer Personen zur Verf\u00fcgung [&hellip;]<\/p>\n","protected":false},"author":1,"featured_media":0,"parent":0,"menu_order":0,"comment_status":"closed","ping_status":"closed","template":"","meta":{"footnotes":""},"class_list":["post-2471","page","type-page","status-publish","hentry"],"yoast_head":"<!-- This site is optimized with the Yoast SEO plugin v27.5 - https:\/\/yoast.com\/product\/yoast-seo-wordpress\/ -->\n<title>Datenschutz - Equisana tout simplement naturel<\/title>\n<meta name=\"robots\" content=\"index, follow, max-snippet:-1, max-image-preview:large, max-video-preview:-1\" \/>\n<link rel=\"canonical\" href=\"https:\/\/equisana.ch\/fr\/protection-des-donnes\/\" \/>\n<meta property=\"og:locale\" content=\"fr_FR\" \/>\n<meta property=\"og:type\" content=\"article\" \/>\n<meta property=\"og:title\" content=\"Datenschutz - Equisana tout simplement naturel\" \/>\n<meta property=\"og:description\" content=\"Protection des donn\u00e9es Stand Mai 2019 In dieser Datenschutzerkl\u00e4rung erl\u00e4utern wir, wie wir Personendaten erheben und ansonsten bearbeiten. Dabei handelt es sich um keine abschliessende Beschreibung; allenfalls regeln andere Datenschutzerkl\u00e4rungen spezifische Sachverhalte. Unter Personendaten werden alle Angaben verstanden, die sich auf eine bestimmte oder bestimmbare Person beziehen. Wenn Sie uns Personendaten anderer Personen zur Verf\u00fcgung [&hellip;]\" \/>\n<meta property=\"og:url\" content=\"https:\/\/equisana.ch\/fr\/protection-des-donnes\/\" \/>\n<meta property=\"og:site_name\" content=\"Equisana Sarl tout simplement naturel\" \/>\n<meta property=\"article:publisher\" content=\"https:\/\/www.facebook.com\/Equisana\/\" \/>\n<meta property=\"article:modified_time\" content=\"2023-03-19T15:38:50+00:00\" \/>\n<meta name=\"twitter:card\" content=\"summary_large_image\" \/>\n<meta name=\"twitter:label1\" content=\"Dur\u00e9e de lecture estim\u00e9e\" \/>\n\t<meta name=\"twitter:data1\" content=\"14 minutes\" \/>\n<script type=\"application\/ld+json\" class=\"yoast-schema-graph\">{\"@context\":\"https:\\\/\\\/schema.org\",\"@graph\":[{\"@type\":\"WebPage\",\"@id\":\"https:\\\/\\\/equisana.ch\\\/fr\\\/protection-des-donnes\\\/\",\"url\":\"https:\\\/\\\/equisana.ch\\\/fr\\\/protection-des-donnes\\\/\",\"name\":\"Datenschutz - Equisana tout simplement naturel\",\"isPartOf\":{\"@id\":\"https:\\\/\\\/equisana.ch\\\/#website\"},\"datePublished\":\"2019-05-19T11:20:06+00:00\",\"dateModified\":\"2023-03-19T15:38:50+00:00\",\"breadcrumb\":{\"@id\":\"https:\\\/\\\/equisana.ch\\\/fr\\\/protection-des-donnes\\\/#breadcrumb\"},\"inLanguage\":\"fr-FR\",\"potentialAction\":[{\"@type\":\"ReadAction\",\"target\":[\"https:\\\/\\\/equisana.ch\\\/fr\\\/protection-des-donnes\\\/\"]}]},{\"@type\":\"BreadcrumbList\",\"@id\":\"https:\\\/\\\/equisana.ch\\\/fr\\\/protection-des-donnes\\\/#breadcrumb\",\"itemListElement\":[{\"@type\":\"ListItem\",\"position\":1,\"name\":\"Startseite\",\"item\":\"https:\\\/\\\/equisana.ch\\\/\"},{\"@type\":\"ListItem\",\"position\":2,\"name\":\"Protection des donn\u00e9es\"}]},{\"@type\":\"WebSite\",\"@id\":\"https:\\\/\\\/equisana.ch\\\/#website\",\"url\":\"https:\\\/\\\/equisana.ch\\\/\",\"name\":\"EQUISANA GmbH einfach nat\u00fcrlich\",\"description\":\"Tout simplement naturel\",\"publisher\":{\"@id\":\"https:\\\/\\\/equisana.ch\\\/#organization\"},\"potentialAction\":[{\"@type\":\"SearchAction\",\"target\":{\"@type\":\"EntryPoint\",\"urlTemplate\":\"https:\\\/\\\/equisana.ch\\\/?s={search_term_string}\"},\"query-input\":{\"@type\":\"PropertyValueSpecification\",\"valueRequired\":true,\"valueName\":\"search_term_string\"}}],\"inLanguage\":\"fr-FR\"},{\"@type\":\"Organization\",\"@id\":\"https:\\\/\\\/equisana.ch\\\/#organization\",\"name\":\"EQUISANA GmbH einfach nat\u00fcrlich\",\"url\":\"https:\\\/\\\/equisana.ch\\\/\",\"logo\":{\"@type\":\"ImageObject\",\"inLanguage\":\"fr-FR\",\"@id\":\"https:\\\/\\\/equisana.ch\\\/#\\\/schema\\\/logo\\\/image\\\/\",\"url\":\"https:\\\/\\\/equisana.ch\\\/wp-content\\\/uploads\\\/2023\\\/03\\\/cropped-equisana-logo.png\",\"contentUrl\":\"https:\\\/\\\/equisana.ch\\\/wp-content\\\/uploads\\\/2023\\\/03\\\/cropped-equisana-logo.png\",\"width\":342,\"height\":124,\"caption\":\"EQUISANA GmbH einfach nat\u00fcrlich\"},\"image\":{\"@id\":\"https:\\\/\\\/equisana.ch\\\/#\\\/schema\\\/logo\\\/image\\\/\"},\"sameAs\":[\"https:\\\/\\\/www.facebook.com\\\/Equisana\\\/\"]}]}<\/script>\n<!-- \/ Yoast SEO plugin. -->","yoast_head_json":{"title":"Datenschutz - Equisana tout simplement naturel","robots":{"index":"index","follow":"follow","max-snippet":"max-snippet:-1","max-image-preview":"max-image-preview:large","max-video-preview":"max-video-preview:-1"},"canonical":"https:\/\/equisana.ch\/fr\/protection-des-donnes\/","og_locale":"fr_FR","og_type":"article","og_title":"Datenschutz - Equisana tout simplement naturel","og_description":"Protection des donn\u00e9es Stand Mai 2019 In dieser Datenschutzerkl\u00e4rung erl\u00e4utern wir, wie wir Personendaten erheben und ansonsten bearbeiten. Dabei handelt es sich um keine abschliessende Beschreibung; allenfalls regeln andere Datenschutzerkl\u00e4rungen spezifische Sachverhalte. Unter Personendaten werden alle Angaben verstanden, die sich auf eine bestimmte oder bestimmbare Person beziehen. Wenn Sie uns Personendaten anderer Personen zur Verf\u00fcgung [&hellip;]","og_url":"https:\/\/equisana.ch\/fr\/protection-des-donnes\/","og_site_name":"Equisana Sarl tout simplement naturel","article_publisher":"https:\/\/www.facebook.com\/Equisana\/","article_modified_time":"2023-03-19T15:38:50+00:00","twitter_card":"summary_large_image","twitter_misc":{"Dur\u00e9e de lecture estim\u00e9e":"14 minutes"},"schema":{"@context":"https:\/\/schema.org","@graph":[{"@type":"WebPage","@id":"https:\/\/equisana.ch\/fr\/protection-des-donnes\/","url":"https:\/\/equisana.ch\/fr\/protection-des-donnes\/","name":"Datenschutz - Equisana tout simplement naturel","isPartOf":{"@id":"https:\/\/equisana.ch\/#website"},"datePublished":"2019-05-19T11:20:06+00:00","dateModified":"2023-03-19T15:38:50+00:00","breadcrumb":{"@id":"https:\/\/equisana.ch\/fr\/protection-des-donnes\/#breadcrumb"},"inLanguage":"fr-FR","potentialAction":[{"@type":"ReadAction","target":["https:\/\/equisana.ch\/fr\/protection-des-donnes\/"]}]},{"@type":"BreadcrumbList","@id":"https:\/\/equisana.ch\/fr\/protection-des-donnes\/#breadcrumb","itemListElement":[{"@type":"ListItem","position":1,"name":"Startseite","item":"https:\/\/equisana.ch\/"},{"@type":"ListItem","position":2,"name":"Protection des donn\u00e9es"}]},{"@type":"WebSite","@id":"https:\/\/equisana.ch\/#website","url":"https:\/\/equisana.ch\/","name":"EQUISANA GmbH einfach nat\u00fcrlich","description":"Tout simplement naturel","publisher":{"@id":"https:\/\/equisana.ch\/#organization"},"potentialAction":[{"@type":"SearchAction","target":{"@type":"EntryPoint","urlTemplate":"https:\/\/equisana.ch\/?s={search_term_string}"},"query-input":{"@type":"PropertyValueSpecification","valueRequired":true,"valueName":"search_term_string"}}],"inLanguage":"fr-FR"},{"@type":"Organization","@id":"https:\/\/equisana.ch\/#organization","name":"EQUISANA GmbH einfach nat\u00fcrlich","url":"https:\/\/equisana.ch\/","logo":{"@type":"ImageObject","inLanguage":"fr-FR","@id":"https:\/\/equisana.ch\/#\/schema\/logo\/image\/","url":"https:\/\/equisana.ch\/wp-content\/uploads\/2023\/03\/cropped-equisana-logo.png","contentUrl":"https:\/\/equisana.ch\/wp-content\/uploads\/2023\/03\/cropped-equisana-logo.png","width":342,"height":124,"caption":"EQUISANA GmbH einfach nat\u00fcrlich"},"image":{"@id":"https:\/\/equisana.ch\/#\/schema\/logo\/image\/"},"sameAs":["https:\/\/www.facebook.com\/Equisana\/"]}]}},"_links":{"self":[{"href":"https:\/\/equisana.ch\/fr\/wp-json\/wp\/v2\/pages\/2471","targetHints":{"allow":["GET"]}}],"collection":[{"href":"https:\/\/equisana.ch\/fr\/wp-json\/wp\/v2\/pages"}],"about":[{"href":"https:\/\/equisana.ch\/fr\/wp-json\/wp\/v2\/types\/page"}],"author":[{"embeddable":true,"href":"https:\/\/equisana.ch\/fr\/wp-json\/wp\/v2\/users\/1"}],"replies":[{"embeddable":true,"href":"https:\/\/equisana.ch\/fr\/wp-json\/wp\/v2\/comments?post=2471"}],"version-history":[{"count":1,"href":"https:\/\/equisana.ch\/fr\/wp-json\/wp\/v2\/pages\/2471\/revisions"}],"predecessor-version":[{"id":20661,"href":"https:\/\/equisana.ch\/fr\/wp-json\/wp\/v2\/pages\/2471\/revisions\/20661"}],"wp:attachment":[{"href":"https:\/\/equisana.ch\/fr\/wp-json\/wp\/v2\/media?parent=2471"}],"curies":[{"name":"wp","href":"https:\/\/api.w.org\/{rel}","templated":true}]}}