{"id":20009,"date":"2023-03-18T21:57:05","date_gmt":"2023-03-18T21:57:05","guid":{"rendered":"https:\/\/shop.equisana.ch\/?post_type=product&#038;p=20009"},"modified":"2026-04-22T17:58:14","modified_gmt":"2026-04-22T17:58:14","slug":"sac-a-foin-midi","status":"publish","type":"product","link":"https:\/\/equisana.ch\/fr\/produit\/sac-a-foin-midi\/","title":{"rendered":"Sac \u00e0 foin \u00ab Midi \u00bb"},"content":{"rendered":"<h3>Descriptif d\u00e9taill\u00e9<\/h3>\n<p>Ces filets sont produits au moyen d\u2019une machine. Le mat\u00e9riau utilis\u00e9 est un fil synth\u00e9tique solide. Tous ces filets sont faciles \u00e0 remplir, puisqu\u2019ils peuvent \u00eatre ouverts largement. Utilis\u00e9s id\u00e9alement pour le box, les remorques, ou chaque endroit o\u00f9 vous souhaitez nourrir votre cheval avec du foin. Ils sont aussi tr\u00e8s bien adapt\u00e9s pour plonger le foin dans l&rsquo;eau.<\/p>\n<p>Coutures lat\u00e9rales enti\u00e8rement ferm\u00e9es, cousues<br \/>\nCorde pour la suspension incluse<br \/>\nCouleur verte<\/p>\n<p>Ces filets sont r\u00e9sistants aux intemp\u00e9ries et aux UV, tiss\u00e9s et non pas nou\u00e9s comme la plupart des filets \u00e0 foin que l\u2019on trouve sur le march\u00e9. Par ailleurs, ils sont tr\u00e8s souples.<br \/>\nFilets fabriqu\u00e9s \u00e0 la main en Europe de l\u2019ouest. Coutures lat\u00e9rales enti\u00e8rement ferm\u00e9es et cousues.<br \/>\nLa cordelette pour la suspension est incluse<\/p>\n<p>&nbsp;<\/p>\n<h3>Mesures<\/h3>\n<p>Hauteur 75 cm, Largeur 75 cm<br \/>\nContenance env. 3.5 &#8211; 4.0 Kg<\/p>\n<p>&nbsp;<\/p>\n<h3><span lang=\"FR-CH\">Couleur et mat\u00e9riel<\/span><\/h3>\n<p>Vert, polypropyl\u00e8ne solide, tiss\u00e9<\/p>\n<p id=\"tw-target-text\" class=\"tw-data-text tw-text-large tw-ta\" dir=\"ltr\" data-placeholder=\"\u00dcbersetzung\"><span class=\"Y2IQFc\" lang=\"fr\">\u00c9paisseur du cordon avec un maillage de 3 cm : 4 mm<\/span><\/p>\n<p class=\"tw-data-text tw-text-large tw-ta\" dir=\"ltr\" data-placeholder=\"\u00dcbersetzung\"><span class=\"Y2IQFc\" lang=\"fr\">\u00c9paisseur du cordon avec un maillage de 3,8, 4,5, 6.0\u00a0 et 8.0 cm: 5 mm<\/span><\/p>\n<p class=\"tw-data-text tw-text-large tw-ta\" dir=\"ltr\" data-placeholder=\"\u00dcbersetzung\"><span class=\"Y2IQFc\" lang=\"fr\">Information d\u00e9taill\u00e9es sur les tailles de maille : voir rubrique conseils.<\/span><\/p>\n<p>&nbsp;<\/p>\n<p>Tous nos filets tiss\u00e9s sont fabriqu\u00e9s avec des produits de haute qualit\u00e9 et ont \u00e9t\u00e9 test\u00e9s du point de vue toxicit\u00e9 par T\u00dcV-S\u00fcd.<\/p>\n","protected":false},"excerpt":{"rendered":"<p>Sac \u00e0 foin pour suspendre \u00e0 l\u2019aide d\u2019une cordelette (incluse)<\/p>\n<p>&nbsp;<\/p>\n","protected":false},"featured_media":19853,"comment_status":"open","ping_status":"closed","template":"","meta":[],"product_brand":[],"product_cat":[84],"product_tag":[],"class_list":{"0":"post-20009","1":"product","2":"type-product","3":"status-publish","4":"has-post-thumbnail","6":"product_cat-sacs-a-foin","7":"aux-has-gallery","9":"first","10":"instock","11":"taxable","12":"shipping-taxable","13":"purchasable","14":"product-type-variable"},"yoast_head":"<!-- This site is optimized with the Yoast SEO plugin v27.5 - https:\/\/yoast.com\/product\/yoast-seo-wordpress\/ -->\n<title>Sac \u00e0 foin \u00ab Midi \u00bb - Equisana Sarl tout simplement naturel<\/title>\n<meta name=\"description\" content=\"Commander maintenant sac \u00e0 foin \u00abMidi\u00bb. Id\u00e9al pour la bo\u00eete, la remorque, ou partout o\u00f9 vous voulez nourrir votre cheval avec du foin. Aussi tr\u00e8s appropri\u00e9 pour tremper le foin dans l&#039;eau.\" \/>\n<meta name=\"robots\" content=\"index, follow, max-snippet:-1, max-image-preview:large, max-video-preview:-1\" \/>\n<link rel=\"canonical\" href=\"https:\/\/equisana.ch\/fr\/produit\/sac-a-foin-midi\/\" \/>\n<meta property=\"og:locale\" content=\"fr_FR\" \/>\n<meta property=\"og:type\" content=\"article\" \/>\n<meta property=\"og:title\" content=\"Sac \u00e0 foin \u00ab Midi \u00bb - Equisana Sarl tout simplement naturel\" \/>\n<meta property=\"og:description\" content=\"Commander maintenant sac \u00e0 foin \u00abMidi\u00bb. Id\u00e9al pour la bo\u00eete, la remorque, ou partout o\u00f9 vous voulez nourrir votre cheval avec du foin. Aussi tr\u00e8s appropri\u00e9 pour tremper le foin dans l&#039;eau.\" \/>\n<meta property=\"og:url\" content=\"https:\/\/equisana.ch\/fr\/produit\/sac-a-foin-midi\/\" \/>\n<meta property=\"og:site_name\" content=\"Equisana Sarl tout simplement naturel\" \/>\n<meta property=\"article:publisher\" content=\"https:\/\/www.facebook.com\/Equisana\/\" \/>\n<meta property=\"article:modified_time\" content=\"2026-04-22T17:58:14+00:00\" \/>\n<meta property=\"og:image\" content=\"https:\/\/equisana.ch\/wp-content\/uploads\/2023\/03\/Equisana-engmaschige-heunetze-heunetzsaecke-midi.jpg\" \/>\n\t<meta property=\"og:image:width\" content=\"1400\" \/>\n\t<meta property=\"og:image:height\" content=\"1400\" \/>\n\t<meta property=\"og:image:type\" content=\"image\/jpeg\" \/>\n<meta name=\"twitter:card\" content=\"summary_large_image\" \/>\n<meta name=\"twitter:label1\" content=\"Dur\u00e9e de lecture estim\u00e9e\" \/>\n\t<meta name=\"twitter:data1\" content=\"1 minute\" \/>\n<script type=\"application\/ld+json\" class=\"yoast-schema-graph\">{\"@context\":\"https:\\\/\\\/schema.org\",\"@graph\":[{\"@type\":\"WebPage\",\"@id\":\"https:\\\/\\\/equisana.ch\\\/fr\\\/produit\\\/sac-a-foin-midi\\\/\",\"url\":\"https:\\\/\\\/equisana.ch\\\/fr\\\/produit\\\/sac-a-foin-midi\\\/\",\"name\":\"Sac \u00e0 foin \u00ab Midi \u00bb - Equisana Sarl tout simplement naturel\",\"isPartOf\":{\"@id\":\"https:\\\/\\\/equisana.ch\\\/#website\"},\"primaryImageOfPage\":{\"@id\":\"https:\\\/\\\/equisana.ch\\\/fr\\\/produit\\\/sac-a-foin-midi\\\/#primaryimage\"},\"image\":{\"@id\":\"https:\\\/\\\/equisana.ch\\\/fr\\\/produit\\\/sac-a-foin-midi\\\/#primaryimage\"},\"thumbnailUrl\":\"https:\\\/\\\/equisana.ch\\\/wp-content\\\/uploads\\\/2023\\\/03\\\/Equisana-engmaschige-heunetze-heunetzsaecke-midi.jpg\",\"datePublished\":\"2023-03-18T21:57:05+00:00\",\"dateModified\":\"2026-04-22T17:58:14+00:00\",\"description\":\"Commander maintenant sac \u00e0 foin \u00abMidi\u00bb. Id\u00e9al pour la bo\u00eete, la remorque, ou partout o\u00f9 vous voulez nourrir votre cheval avec du foin. Aussi tr\u00e8s appropri\u00e9 pour tremper le foin dans l'eau.\",\"breadcrumb\":{\"@id\":\"https:\\\/\\\/equisana.ch\\\/fr\\\/produit\\\/sac-a-foin-midi\\\/#breadcrumb\"},\"inLanguage\":\"fr-FR\",\"potentialAction\":[{\"@type\":\"ReadAction\",\"target\":[\"https:\\\/\\\/equisana.ch\\\/fr\\\/produit\\\/sac-a-foin-midi\\\/\"]}]},{\"@type\":\"ImageObject\",\"inLanguage\":\"fr-FR\",\"@id\":\"https:\\\/\\\/equisana.ch\\\/fr\\\/produit\\\/sac-a-foin-midi\\\/#primaryimage\",\"url\":\"https:\\\/\\\/equisana.ch\\\/wp-content\\\/uploads\\\/2023\\\/03\\\/Equisana-engmaschige-heunetze-heunetzsaecke-midi.jpg\",\"contentUrl\":\"https:\\\/\\\/equisana.ch\\\/wp-content\\\/uploads\\\/2023\\\/03\\\/Equisana-engmaschige-heunetze-heunetzsaecke-midi.jpg\",\"width\":1400,\"height\":1400,\"caption\":\"Sac \u00e0 foin \u00abMidi\u00bb\"},{\"@type\":\"BreadcrumbList\",\"@id\":\"https:\\\/\\\/equisana.ch\\\/fr\\\/produit\\\/sac-a-foin-midi\\\/#breadcrumb\",\"itemListElement\":[{\"@type\":\"ListItem\",\"position\":1,\"name\":\"Startseite\",\"item\":\"https:\\\/\\\/equisana.ch\\\/\"},{\"@type\":\"ListItem\",\"position\":2,\"name\":\"Tous les produits hippiques EQUISANA\",\"item\":\"https:\\\/\\\/equisana.ch\\\/fr\\\/produits\\\/\"},{\"@type\":\"ListItem\",\"position\":3,\"name\":\"Sac \u00e0 foin \u00ab Midi \u00bb\"}]},{\"@type\":\"WebSite\",\"@id\":\"https:\\\/\\\/equisana.ch\\\/#website\",\"url\":\"https:\\\/\\\/equisana.ch\\\/\",\"name\":\"EQUISANA GmbH einfach nat\u00fcrlich\",\"description\":\"Tout simplement naturel\",\"publisher\":{\"@id\":\"https:\\\/\\\/equisana.ch\\\/#organization\"},\"potentialAction\":[{\"@type\":\"SearchAction\",\"target\":{\"@type\":\"EntryPoint\",\"urlTemplate\":\"https:\\\/\\\/equisana.ch\\\/?s={search_term_string}\"},\"query-input\":{\"@type\":\"PropertyValueSpecification\",\"valueRequired\":true,\"valueName\":\"search_term_string\"}}],\"inLanguage\":\"fr-FR\"},{\"@type\":\"Organization\",\"@id\":\"https:\\\/\\\/equisana.ch\\\/#organization\",\"name\":\"EQUISANA GmbH einfach nat\u00fcrlich\",\"url\":\"https:\\\/\\\/equisana.ch\\\/\",\"logo\":{\"@type\":\"ImageObject\",\"inLanguage\":\"fr-FR\",\"@id\":\"https:\\\/\\\/equisana.ch\\\/#\\\/schema\\\/logo\\\/image\\\/\",\"url\":\"https:\\\/\\\/equisana.ch\\\/wp-content\\\/uploads\\\/2023\\\/03\\\/cropped-equisana-logo.png\",\"contentUrl\":\"https:\\\/\\\/equisana.ch\\\/wp-content\\\/uploads\\\/2023\\\/03\\\/cropped-equisana-logo.png\",\"width\":342,\"height\":124,\"caption\":\"EQUISANA GmbH einfach nat\u00fcrlich\"},\"image\":{\"@id\":\"https:\\\/\\\/equisana.ch\\\/#\\\/schema\\\/logo\\\/image\\\/\"},\"sameAs\":[\"https:\\\/\\\/www.facebook.com\\\/Equisana\\\/\"]}]}<\/script>\n<!-- \/ Yoast SEO plugin. -->","yoast_head_json":{"title":"Sac \u00e0 foin \u00ab Midi \u00bb - Equisana Sarl tout simplement naturel","description":"Commander maintenant sac \u00e0 foin \u00abMidi\u00bb. Id\u00e9al pour la bo\u00eete, la remorque, ou partout o\u00f9 vous voulez nourrir votre cheval avec du foin. Aussi tr\u00e8s appropri\u00e9 pour tremper le foin dans l'eau.","robots":{"index":"index","follow":"follow","max-snippet":"max-snippet:-1","max-image-preview":"max-image-preview:large","max-video-preview":"max-video-preview:-1"},"canonical":"https:\/\/equisana.ch\/fr\/produit\/sac-a-foin-midi\/","og_locale":"fr_FR","og_type":"article","og_title":"Sac \u00e0 foin \u00ab Midi \u00bb - Equisana Sarl tout simplement naturel","og_description":"Commander maintenant sac \u00e0 foin \u00abMidi\u00bb. Id\u00e9al pour la bo\u00eete, la remorque, ou partout o\u00f9 vous voulez nourrir votre cheval avec du foin. Aussi tr\u00e8s appropri\u00e9 pour tremper le foin dans l'eau.","og_url":"https:\/\/equisana.ch\/fr\/produit\/sac-a-foin-midi\/","og_site_name":"Equisana Sarl tout simplement naturel","article_publisher":"https:\/\/www.facebook.com\/Equisana\/","article_modified_time":"2026-04-22T17:58:14+00:00","og_image":[{"width":1400,"height":1400,"url":"https:\/\/equisana.ch\/wp-content\/uploads\/2023\/03\/Equisana-engmaschige-heunetze-heunetzsaecke-midi.jpg","type":"image\/jpeg"}],"twitter_card":"summary_large_image","twitter_misc":{"Dur\u00e9e de lecture estim\u00e9e":"1 minute"},"schema":{"@context":"https:\/\/schema.org","@graph":[{"@type":"WebPage","@id":"https:\/\/equisana.ch\/fr\/produit\/sac-a-foin-midi\/","url":"https:\/\/equisana.ch\/fr\/produit\/sac-a-foin-midi\/","name":"Sac \u00e0 foin \u00ab Midi \u00bb - Equisana Sarl tout simplement naturel","isPartOf":{"@id":"https:\/\/equisana.ch\/#website"},"primaryImageOfPage":{"@id":"https:\/\/equisana.ch\/fr\/produit\/sac-a-foin-midi\/#primaryimage"},"image":{"@id":"https:\/\/equisana.ch\/fr\/produit\/sac-a-foin-midi\/#primaryimage"},"thumbnailUrl":"https:\/\/equisana.ch\/wp-content\/uploads\/2023\/03\/Equisana-engmaschige-heunetze-heunetzsaecke-midi.jpg","datePublished":"2023-03-18T21:57:05+00:00","dateModified":"2026-04-22T17:58:14+00:00","description":"Commander maintenant sac \u00e0 foin \u00abMidi\u00bb. Id\u00e9al pour la bo\u00eete, la remorque, ou partout o\u00f9 vous voulez nourrir votre cheval avec du foin. Aussi tr\u00e8s appropri\u00e9 pour tremper le foin dans l'eau.","breadcrumb":{"@id":"https:\/\/equisana.ch\/fr\/produit\/sac-a-foin-midi\/#breadcrumb"},"inLanguage":"fr-FR","potentialAction":[{"@type":"ReadAction","target":["https:\/\/equisana.ch\/fr\/produit\/sac-a-foin-midi\/"]}]},{"@type":"ImageObject","inLanguage":"fr-FR","@id":"https:\/\/equisana.ch\/fr\/produit\/sac-a-foin-midi\/#primaryimage","url":"https:\/\/equisana.ch\/wp-content\/uploads\/2023\/03\/Equisana-engmaschige-heunetze-heunetzsaecke-midi.jpg","contentUrl":"https:\/\/equisana.ch\/wp-content\/uploads\/2023\/03\/Equisana-engmaschige-heunetze-heunetzsaecke-midi.jpg","width":1400,"height":1400,"caption":"Sac \u00e0 foin \u00abMidi\u00bb"},{"@type":"BreadcrumbList","@id":"https:\/\/equisana.ch\/fr\/produit\/sac-a-foin-midi\/#breadcrumb","itemListElement":[{"@type":"ListItem","position":1,"name":"Startseite","item":"https:\/\/equisana.ch\/"},{"@type":"ListItem","position":2,"name":"Tous les produits hippiques EQUISANA","item":"https:\/\/equisana.ch\/fr\/produits\/"},{"@type":"ListItem","position":3,"name":"Sac \u00e0 foin \u00ab Midi \u00bb"}]},{"@type":"WebSite","@id":"https:\/\/equisana.ch\/#website","url":"https:\/\/equisana.ch\/","name":"EQUISANA GmbH einfach nat\u00fcrlich","description":"Tout simplement naturel","publisher":{"@id":"https:\/\/equisana.ch\/#organization"},"potentialAction":[{"@type":"SearchAction","target":{"@type":"EntryPoint","urlTemplate":"https:\/\/equisana.ch\/?s={search_term_string}"},"query-input":{"@type":"PropertyValueSpecification","valueRequired":true,"valueName":"search_term_string"}}],"inLanguage":"fr-FR"},{"@type":"Organization","@id":"https:\/\/equisana.ch\/#organization","name":"EQUISANA GmbH einfach nat\u00fcrlich","url":"https:\/\/equisana.ch\/","logo":{"@type":"ImageObject","inLanguage":"fr-FR","@id":"https:\/\/equisana.ch\/#\/schema\/logo\/image\/","url":"https:\/\/equisana.ch\/wp-content\/uploads\/2023\/03\/cropped-equisana-logo.png","contentUrl":"https:\/\/equisana.ch\/wp-content\/uploads\/2023\/03\/cropped-equisana-logo.png","width":342,"height":124,"caption":"EQUISANA GmbH einfach nat\u00fcrlich"},"image":{"@id":"https:\/\/equisana.ch\/#\/schema\/logo\/image\/"},"sameAs":["https:\/\/www.facebook.com\/Equisana\/"]}]}},"_links":{"self":[{"href":"https:\/\/equisana.ch\/fr\/wp-json\/wp\/v2\/product\/20009","targetHints":{"allow":["GET"]}}],"collection":[{"href":"https:\/\/equisana.ch\/fr\/wp-json\/wp\/v2\/product"}],"about":[{"href":"https:\/\/equisana.ch\/fr\/wp-json\/wp\/v2\/types\/product"}],"replies":[{"embeddable":true,"href":"https:\/\/equisana.ch\/fr\/wp-json\/wp\/v2\/comments?post=20009"}],"wp:featuredmedia":[{"embeddable":true,"href":"https:\/\/equisana.ch\/fr\/wp-json\/wp\/v2\/media\/19853"}],"wp:attachment":[{"href":"https:\/\/equisana.ch\/fr\/wp-json\/wp\/v2\/media?parent=20009"}],"wp:term":[{"taxonomy":"product_brand","embeddable":true,"href":"https:\/\/equisana.ch\/fr\/wp-json\/wp\/v2\/product_brand?post=20009"},{"taxonomy":"product_cat","embeddable":true,"href":"https:\/\/equisana.ch\/fr\/wp-json\/wp\/v2\/product_cat?post=20009"},{"taxonomy":"product_tag","embeddable":true,"href":"https:\/\/equisana.ch\/fr\/wp-json\/wp\/v2\/product_tag?post=20009"}],"curies":[{"name":"wp","href":"https:\/\/api.w.org\/{rel}","templated":true}]}}